{"id":116,"date":"2014-05-31T09:45:43","date_gmt":"2014-05-31T09:45:43","guid":{"rendered":"http:\/\/www.madeleinecr.com\/?page_id=116"},"modified":"2014-12-01T03:01:57","modified_gmt":"2014-12-01T03:01:57","slug":"motivacion","status":"publish","type":"page","link":"https:\/\/www.madeleinecr.com\/?page_id=116","title":{"rendered":"Motivaci\u00f3n"},"content":{"rendered":"<p><a href=\"http:\/\/www.madeleinecr.com\/wp-content\/uploads\/2014\/05\/Tus-contratiempos-no-deben-verse-como-fracasos.jpg\"><img loading=\"lazy\" src=\"http:\/\/www.madeleinecr.com\/wp-content\/uploads\/2014\/05\/Tus-contratiempos-no-deben-verse-como-fracasos-1024x724.jpg\" alt=\"Tus contratiempos no deben verse como fracasos\" width=\"500\" height=\"353\" class=\"alignnone size-large wp-image-608\" srcset=\"https:\/\/www.madeleinecr.com\/wp-content\/uploads\/2014\/05\/Tus-contratiempos-no-deben-verse-como-fracasos-1024x724.jpg 1024w, https:\/\/www.madeleinecr.com\/wp-content\/uploads\/2014\/05\/Tus-contratiempos-no-deben-verse-como-fracasos-300x212.jpg 300w, https:\/\/www.madeleinecr.com\/wp-content\/uploads\/2014\/05\/Tus-contratiempos-no-deben-verse-como-fracasos-500x353.jpg 500w, https:\/\/www.madeleinecr.com\/wp-content\/uploads\/2014\/05\/Tus-contratiempos-no-deben-verse-como-fracasos.jpg 1753w\" sizes=\"(max-width: 500px) 100vw, 500px\" \/><\/a><\/p>\n<p>&nbsp;<\/p>\n<p><a href=\"http:\/\/www.madeleinecr.com\/wp-content\/uploads\/2014\/05\/Cada-prueba-te-har\u00e1-m\u00e1s-fuerte-2.jpg\"><img loading=\"lazy\" src=\"http:\/\/www.madeleinecr.com\/wp-content\/uploads\/2014\/05\/Cada-prueba-te-har\u00e1-m\u00e1s-fuerte-2-1024x724.jpg\" alt=\"Cada prueba te har\u00e1 m\u00e1s fuerte 2\" width=\"500\" height=\"353\" class=\"alignnone size-large wp-image-605\" srcset=\"https:\/\/www.madeleinecr.com\/wp-content\/uploads\/2014\/05\/Cada-prueba-te-har\u00e1-m\u00e1s-fuerte-2-1024x724.jpg 1024w, https:\/\/www.madeleinecr.com\/wp-content\/uploads\/2014\/05\/Cada-prueba-te-har\u00e1-m\u00e1s-fuerte-2-300x212.jpg 300w, https:\/\/www.madeleinecr.com\/wp-content\/uploads\/2014\/05\/Cada-prueba-te-har\u00e1-m\u00e1s-fuerte-2-500x353.jpg 500w, https:\/\/www.madeleinecr.com\/wp-content\/uploads\/2014\/05\/Cada-prueba-te-har\u00e1-m\u00e1s-fuerte-2.jpg 1753w\" sizes=\"(max-width: 500px) 100vw, 500px\" \/><\/a><\/p>\n<p>&nbsp;<\/p>\n<p><a href=\"http:\/\/www.madeleinecr.com\/wp-content\/uploads\/2014\/05\/Luch\u00e1-por-ser-la-energ\u00eda-positiva-en-un-mundo-que-se-ha-olvidado-de-dar-valor-a-lo-bueno.jpg\"><img loading=\"lazy\" src=\"http:\/\/www.madeleinecr.com\/wp-content\/uploads\/2014\/05\/Luch\u00e1-por-ser-la-energ\u00eda-positiva-en-un-mundo-que-se-ha-olvidado-de-dar-valor-a-lo-bueno-1024x791.jpg\" alt=\"Luch\u00e1 por ser la energ\u00eda positiva en un mundo  que se ha olvidado de dar valor a lo bueno\" width=\"500\" height=\"386\" class=\"alignnone size-large wp-image-602\" srcset=\"https:\/\/www.madeleinecr.com\/wp-content\/uploads\/2014\/05\/Luch\u00e1-por-ser-la-energ\u00eda-positiva-en-un-mundo-que-se-ha-olvidado-de-dar-valor-a-lo-bueno-1024x791.jpg 1024w, https:\/\/www.madeleinecr.com\/wp-content\/uploads\/2014\/05\/Luch\u00e1-por-ser-la-energ\u00eda-positiva-en-un-mundo-que-se-ha-olvidado-de-dar-valor-a-lo-bueno-300x231.jpg 300w, https:\/\/www.madeleinecr.com\/wp-content\/uploads\/2014\/05\/Luch\u00e1-por-ser-la-energ\u00eda-positiva-en-un-mundo-que-se-ha-olvidado-de-dar-valor-a-lo-bueno-500x386.jpg 500w, https:\/\/www.madeleinecr.com\/wp-content\/uploads\/2014\/05\/Luch\u00e1-por-ser-la-energ\u00eda-positiva-en-un-mundo-que-se-ha-olvidado-de-dar-valor-a-lo-bueno.jpg 1650w\" sizes=\"(max-width: 500px) 100vw, 500px\" \/><\/a><\/p>\n<p>&nbsp;<\/p>\n<p><a href=\"http:\/\/www.madeleinecr.com\/wp-content\/uploads\/2014\/05\/Para-un-so\u00f1ador-no-hay-l\u00edmites.jpg\"><img loading=\"lazy\" src=\"http:\/\/www.madeleinecr.com\/wp-content\/uploads\/2014\/05\/Para-un-so\u00f1ador-no-hay-l\u00edmites-1024x791.jpg\" alt=\"Para un so\u00f1ador no hay l\u00edmites\" width=\"500\" height=\"386\" class=\"alignnone size-large wp-image-600\" srcset=\"https:\/\/www.madeleinecr.com\/wp-content\/uploads\/2014\/05\/Para-un-so\u00f1ador-no-hay-l\u00edmites-1024x791.jpg 1024w, https:\/\/www.madeleinecr.com\/wp-content\/uploads\/2014\/05\/Para-un-so\u00f1ador-no-hay-l\u00edmites-300x231.jpg 300w, https:\/\/www.madeleinecr.com\/wp-content\/uploads\/2014\/05\/Para-un-so\u00f1ador-no-hay-l\u00edmites-500x386.jpg 500w, https:\/\/www.madeleinecr.com\/wp-content\/uploads\/2014\/05\/Para-un-so\u00f1ador-no-hay-l\u00edmites.jpg 1650w\" sizes=\"(max-width: 500px) 100vw, 500px\" \/><\/a><\/p>\n<p>&nbsp;<\/p>\n<p><a href=\"http:\/\/www.madeleinecr.com\/wp-content\/uploads\/2014\/05\/Esforzate-por-aprender-a-alimentar-la-paz-en-tu-coraz\u00f3n.jpg\"><img loading=\"lazy\" class=\"alignnone size-large wp-image-597\" src=\"http:\/\/www.madeleinecr.com\/wp-content\/uploads\/2014\/05\/Esforzate-por-aprender-a-alimentar-la-paz-en-tu-coraz\u00f3n-1024x724.jpg\" alt=\"Esforzate por aprender a alimentar la paz  en tu coraz\u00f3n\" width=\"500\" height=\"353\" srcset=\"https:\/\/www.madeleinecr.com\/wp-content\/uploads\/2014\/05\/Esforzate-por-aprender-a-alimentar-la-paz-en-tu-coraz\u00f3n-1024x724.jpg 1024w, https:\/\/www.madeleinecr.com\/wp-content\/uploads\/2014\/05\/Esforzate-por-aprender-a-alimentar-la-paz-en-tu-coraz\u00f3n-300x212.jpg 300w, https:\/\/www.madeleinecr.com\/wp-content\/uploads\/2014\/05\/Esforzate-por-aprender-a-alimentar-la-paz-en-tu-coraz\u00f3n-500x353.jpg 500w, https:\/\/www.madeleinecr.com\/wp-content\/uploads\/2014\/05\/Esforzate-por-aprender-a-alimentar-la-paz-en-tu-coraz\u00f3n.jpg 1753w\" sizes=\"(max-width: 500px) 100vw, 500px\" \/><\/a><\/p>\n<p>&nbsp;<\/p>\n<p><a href=\"http:\/\/www.madeleinecr.com\/wp-content\/uploads\/2014\/05\/El-camino-correcto-aparecer\u00e1-ante-tus-ojos-con-el-fin-de-que-logr\u00e9s-demostrar-tus-talentos.jpg\"><img loading=\"lazy\" class=\"alignnone size-large wp-image-548\" src=\"http:\/\/www.madeleinecr.com\/wp-content\/uploads\/2014\/05\/El-camino-correcto-aparecer\u00e1-ante-tus-ojos-con-el-fin-de-que-logr\u00e9s-demostrar-tus-talentos-1024x723.jpg\" alt=\"El camino correcto  aparecer\u00e1 ante tus ojos con el fin de que logr\u00e9s demostrar tus talentos\" width=\"500\" height=\"353\" srcset=\"https:\/\/www.madeleinecr.com\/wp-content\/uploads\/2014\/05\/El-camino-correcto-aparecer\u00e1-ante-tus-ojos-con-el-fin-de-que-logr\u00e9s-demostrar-tus-talentos-1024x723.jpg 1024w, https:\/\/www.madeleinecr.com\/wp-content\/uploads\/2014\/05\/El-camino-correcto-aparecer\u00e1-ante-tus-ojos-con-el-fin-de-que-logr\u00e9s-demostrar-tus-talentos-300x211.jpg 300w, https:\/\/www.madeleinecr.com\/wp-content\/uploads\/2014\/05\/El-camino-correcto-aparecer\u00e1-ante-tus-ojos-con-el-fin-de-que-logr\u00e9s-demostrar-tus-talentos-500x353.jpg 500w, https:\/\/www.madeleinecr.com\/wp-content\/uploads\/2014\/05\/El-camino-correcto-aparecer\u00e1-ante-tus-ojos-con-el-fin-de-que-logr\u00e9s-demostrar-tus-talentos.jpg 1754w\" sizes=\"(max-width: 500px) 100vw, 500px\" \/><\/a><\/p>\n<p>&nbsp;<\/p>\n<p><a href=\"http:\/\/www.madeleinecr.com\/wp-content\/uploads\/2014\/05\/La-victoria-llegar\u00e1-s\u00f3lo-a-quienes-tengan-la-capacidad-de-creer-que-es-posible.jpg\"><img loading=\"lazy\" class=\"alignnone size-large wp-image-594\" src=\"http:\/\/www.madeleinecr.com\/wp-content\/uploads\/2014\/05\/La-victoria-llegar\u00e1-s\u00f3lo-a-quienes-tengan-la-capacidad-de-creer-que-es-posible-1024x724.jpg\" alt=\"La victoria llegar\u00e1 s\u00f3lo a quienes tengan la capacidad de creer que es posible\" width=\"500\" height=\"353\" srcset=\"https:\/\/www.madeleinecr.com\/wp-content\/uploads\/2014\/05\/La-victoria-llegar\u00e1-s\u00f3lo-a-quienes-tengan-la-capacidad-de-creer-que-es-posible-1024x724.jpg 1024w, https:\/\/www.madeleinecr.com\/wp-content\/uploads\/2014\/05\/La-victoria-llegar\u00e1-s\u00f3lo-a-quienes-tengan-la-capacidad-de-creer-que-es-posible-300x212.jpg 300w, https:\/\/www.madeleinecr.com\/wp-content\/uploads\/2014\/05\/La-victoria-llegar\u00e1-s\u00f3lo-a-quienes-tengan-la-capacidad-de-creer-que-es-posible-500x353.jpg 500w, https:\/\/www.madeleinecr.com\/wp-content\/uploads\/2014\/05\/La-victoria-llegar\u00e1-s\u00f3lo-a-quienes-tengan-la-capacidad-de-creer-que-es-posible.jpg 1753w\" sizes=\"(max-width: 500px) 100vw, 500px\" \/><\/a><\/p>\n<p>&nbsp;<\/p>\n<p><a href=\"http:\/\/www.madeleinecr.com\/wp-content\/uploads\/2014\/05\/Segu\u00ed-dando-tu-mejor-esfuerzo-hasta-que-lo-improbable-lo-impensable-lo-incre\u00edble.jpg\"><img loading=\"lazy\" class=\"alignnone size-large wp-image-546\" src=\"http:\/\/www.madeleinecr.com\/wp-content\/uploads\/2014\/05\/Segu\u00ed-dando-tu-mejor-esfuerzo-hasta-que-lo-improbable-lo-impensable-lo-incre\u00edble-1024x723.jpg\" alt=\"Segu\u00ed dando tu mejor esfuerzo hasta que lo improbable, lo impensable, lo incre\u00edble\" width=\"500\" height=\"353\" srcset=\"https:\/\/www.madeleinecr.com\/wp-content\/uploads\/2014\/05\/Segu\u00ed-dando-tu-mejor-esfuerzo-hasta-que-lo-improbable-lo-impensable-lo-incre\u00edble-1024x723.jpg 1024w, https:\/\/www.madeleinecr.com\/wp-content\/uploads\/2014\/05\/Segu\u00ed-dando-tu-mejor-esfuerzo-hasta-que-lo-improbable-lo-impensable-lo-incre\u00edble-300x211.jpg 300w, https:\/\/www.madeleinecr.com\/wp-content\/uploads\/2014\/05\/Segu\u00ed-dando-tu-mejor-esfuerzo-hasta-que-lo-improbable-lo-impensable-lo-incre\u00edble-500x353.jpg 500w, https:\/\/www.madeleinecr.com\/wp-content\/uploads\/2014\/05\/Segu\u00ed-dando-tu-mejor-esfuerzo-hasta-que-lo-improbable-lo-impensable-lo-incre\u00edble.jpg 1754w\" sizes=\"(max-width: 500px) 100vw, 500px\" \/><\/a><\/p>\n<p>&nbsp;<\/p>\n<p><a href=\"http:\/\/www.madeleinecr.com\/wp-content\/uploads\/2014\/05\/Life.jpg\"><img loading=\"lazy\" class=\"alignnone size-large wp-image-543\" src=\"http:\/\/www.madeleinecr.com\/wp-content\/uploads\/2014\/05\/Life-1024x723.jpg\" alt=\"Life\" width=\"500\" height=\"353\" srcset=\"https:\/\/www.madeleinecr.com\/wp-content\/uploads\/2014\/05\/Life-1024x723.jpg 1024w, https:\/\/www.madeleinecr.com\/wp-content\/uploads\/2014\/05\/Life-300x211.jpg 300w, https:\/\/www.madeleinecr.com\/wp-content\/uploads\/2014\/05\/Life-500x353.jpg 500w, https:\/\/www.madeleinecr.com\/wp-content\/uploads\/2014\/05\/Life.jpg 1754w\" sizes=\"(max-width: 500px) 100vw, 500px\" \/><\/a><\/p>\n<p>&nbsp;<\/p>\n<p><a href=\"http:\/\/www.madeleinecr.com\/wp-content\/uploads\/2014\/05\/Tu-misi\u00f3n-es-que-nada-nadie-nunca-logre-detener-tus-pasos.jpg\"><img loading=\"lazy\" class=\"alignnone size-large wp-image-540\" src=\"http:\/\/www.madeleinecr.com\/wp-content\/uploads\/2014\/05\/Tu-misi\u00f3n-es-que-nada-nadie-nunca-logre-detener-tus-pasos-1024x723.jpg\" alt=\"Tu misi\u00f3n es que nada, nadie, nunca logre detener tus pasos\" width=\"500\" height=\"353\" srcset=\"https:\/\/www.madeleinecr.com\/wp-content\/uploads\/2014\/05\/Tu-misi\u00f3n-es-que-nada-nadie-nunca-logre-detener-tus-pasos-1024x723.jpg 1024w, https:\/\/www.madeleinecr.com\/wp-content\/uploads\/2014\/05\/Tu-misi\u00f3n-es-que-nada-nadie-nunca-logre-detener-tus-pasos-300x211.jpg 300w, https:\/\/www.madeleinecr.com\/wp-content\/uploads\/2014\/05\/Tu-misi\u00f3n-es-que-nada-nadie-nunca-logre-detener-tus-pasos-500x353.jpg 500w, https:\/\/www.madeleinecr.com\/wp-content\/uploads\/2014\/05\/Tu-misi\u00f3n-es-que-nada-nadie-nunca-logre-detener-tus-pasos.jpg 1754w\" sizes=\"(max-width: 500px) 100vw, 500px\" \/><\/a><\/p>\n<p>&nbsp;<\/p>\n<p><a href=\"http:\/\/www.madeleinecr.com\/wp-content\/uploads\/2014\/05\/La-magia-de-la-vida-es-que-siempre-podemos-volver-a-empezar.jpg\"><img loading=\"lazy\" class=\"alignnone size-large wp-image-537\" src=\"http:\/\/www.madeleinecr.com\/wp-content\/uploads\/2014\/05\/La-magia-de-la-vida-es-que-siempre-podemos-volver-a-empezar-1024x723.jpg\" alt=\"La magia de la vida es que siempre podemos volver a empezar\" width=\"500\" height=\"353\" srcset=\"https:\/\/www.madeleinecr.com\/wp-content\/uploads\/2014\/05\/La-magia-de-la-vida-es-que-siempre-podemos-volver-a-empezar-1024x723.jpg 1024w, https:\/\/www.madeleinecr.com\/wp-content\/uploads\/2014\/05\/La-magia-de-la-vida-es-que-siempre-podemos-volver-a-empezar-300x211.jpg 300w, https:\/\/www.madeleinecr.com\/wp-content\/uploads\/2014\/05\/La-magia-de-la-vida-es-que-siempre-podemos-volver-a-empezar-500x353.jpg 500w, https:\/\/www.madeleinecr.com\/wp-content\/uploads\/2014\/05\/La-magia-de-la-vida-es-que-siempre-podemos-volver-a-empezar.jpg 1754w\" sizes=\"(max-width: 500px) 100vw, 500px\" \/><\/a><\/p>\n<p>&nbsp;<\/p>\n<p><a href=\"http:\/\/www.madeleinecr.com\/wp-content\/uploads\/2014\/05\/Las-mayores-limitaciones-de-un-ser-humano-nacen-en-su-propia-mente.jpg\"><img loading=\"lazy\" class=\"alignnone size-large wp-image-534\" src=\"http:\/\/www.madeleinecr.com\/wp-content\/uploads\/2014\/05\/Las-mayores-limitaciones-de-un-ser-humano-nacen-en-su-propia-mente-1024x723.jpg\" alt=\"Las mayores limitaciones de un ser humano nacen en  su propia mente\" width=\"500\" height=\"353\" srcset=\"https:\/\/www.madeleinecr.com\/wp-content\/uploads\/2014\/05\/Las-mayores-limitaciones-de-un-ser-humano-nacen-en-su-propia-mente-1024x723.jpg 1024w, https:\/\/www.madeleinecr.com\/wp-content\/uploads\/2014\/05\/Las-mayores-limitaciones-de-un-ser-humano-nacen-en-su-propia-mente-300x211.jpg 300w, https:\/\/www.madeleinecr.com\/wp-content\/uploads\/2014\/05\/Las-mayores-limitaciones-de-un-ser-humano-nacen-en-su-propia-mente-500x353.jpg 500w, https:\/\/www.madeleinecr.com\/wp-content\/uploads\/2014\/05\/Las-mayores-limitaciones-de-un-ser-humano-nacen-en-su-propia-mente.jpg 1754w\" sizes=\"(max-width: 500px) 100vw, 500px\" \/><\/a><\/p>\n<p>&nbsp;<\/p>\n<p><a href=\"http:\/\/www.madeleinecr.com\/wp-content\/uploads\/2014\/05\/Cuando-cre\u00e1s-que-vas-perdiendo-en-realidad-est\u00e1s-ganando.jpg\"><img loading=\"lazy\" class=\"alignnone size-large wp-image-531\" src=\"http:\/\/www.madeleinecr.com\/wp-content\/uploads\/2014\/05\/Cuando-cre\u00e1s-que-vas-perdiendo-en-realidad-est\u00e1s-ganando-1024x791.jpg\" alt=\"Cuando cre\u00e1s que vas perdiendo, en realidad est\u00e1s ganando\" width=\"500\" height=\"386\" srcset=\"https:\/\/www.madeleinecr.com\/wp-content\/uploads\/2014\/05\/Cuando-cre\u00e1s-que-vas-perdiendo-en-realidad-est\u00e1s-ganando-1024x791.jpg 1024w, https:\/\/www.madeleinecr.com\/wp-content\/uploads\/2014\/05\/Cuando-cre\u00e1s-que-vas-perdiendo-en-realidad-est\u00e1s-ganando-300x231.jpg 300w, https:\/\/www.madeleinecr.com\/wp-content\/uploads\/2014\/05\/Cuando-cre\u00e1s-que-vas-perdiendo-en-realidad-est\u00e1s-ganando-500x386.jpg 500w, https:\/\/www.madeleinecr.com\/wp-content\/uploads\/2014\/05\/Cuando-cre\u00e1s-que-vas-perdiendo-en-realidad-est\u00e1s-ganando.jpg 1650w\" sizes=\"(max-width: 500px) 100vw, 500px\" \/><\/a><\/p>\n<p>&nbsp;<\/p>\n<p><a href=\"http:\/\/www.madeleinecr.com\/wp-content\/uploads\/2014\/05\/Que-hoy-y-siempre-sobren-las-sonrisas-en-tus-labios-las-ilusiones-en-tus-ojos-la-esperanza-en-tu-mente.jpg\"><img loading=\"lazy\" class=\"alignnone size-large wp-image-528\" src=\"http:\/\/www.madeleinecr.com\/wp-content\/uploads\/2014\/05\/Que-hoy-y-siempre-sobren-las-sonrisas-en-tus-labios-las-ilusiones-en-tus-ojos-la-esperanza-en-tu-mente-1024x723.jpg\" alt=\"Que hoy y siempre  sobren las sonrisas en tus labios, las ilusiones en tus  ojos, la esperanza  en tu mente\" width=\"500\" height=\"353\" srcset=\"https:\/\/www.madeleinecr.com\/wp-content\/uploads\/2014\/05\/Que-hoy-y-siempre-sobren-las-sonrisas-en-tus-labios-las-ilusiones-en-tus-ojos-la-esperanza-en-tu-mente-1024x723.jpg 1024w, https:\/\/www.madeleinecr.com\/wp-content\/uploads\/2014\/05\/Que-hoy-y-siempre-sobren-las-sonrisas-en-tus-labios-las-ilusiones-en-tus-ojos-la-esperanza-en-tu-mente-300x211.jpg 300w, https:\/\/www.madeleinecr.com\/wp-content\/uploads\/2014\/05\/Que-hoy-y-siempre-sobren-las-sonrisas-en-tus-labios-las-ilusiones-en-tus-ojos-la-esperanza-en-tu-mente-500x353.jpg 500w, https:\/\/www.madeleinecr.com\/wp-content\/uploads\/2014\/05\/Que-hoy-y-siempre-sobren-las-sonrisas-en-tus-labios-las-ilusiones-en-tus-ojos-la-esperanza-en-tu-mente.jpg 1754w\" sizes=\"(max-width: 500px) 100vw, 500px\" \/><\/a><\/p>\n<p>&nbsp;<\/p>\n<p><a href=\"http:\/\/www.madeleinecr.com\/wp-content\/uploads\/2014\/05\/No-habr\u00e1-victoria-sin-inspiraci\u00f3n-compromiso-esfuerzo-trabajo-y-perseverancia.jpg\"><img loading=\"lazy\" class=\"alignnone size-large wp-image-525\" src=\"http:\/\/www.madeleinecr.com\/wp-content\/uploads\/2014\/05\/No-habr\u00e1-victoria-sin-inspiraci\u00f3n-compromiso-esfuerzo-trabajo-y-perseverancia-1024x723.jpg\" alt=\"No habr\u00e1 victoria sin inspiraci\u00f3n, compromiso, esfuerzo, trabajo y perseverancia\" width=\"500\" height=\"353\" srcset=\"https:\/\/www.madeleinecr.com\/wp-content\/uploads\/2014\/05\/No-habr\u00e1-victoria-sin-inspiraci\u00f3n-compromiso-esfuerzo-trabajo-y-perseverancia-1024x723.jpg 1024w, https:\/\/www.madeleinecr.com\/wp-content\/uploads\/2014\/05\/No-habr\u00e1-victoria-sin-inspiraci\u00f3n-compromiso-esfuerzo-trabajo-y-perseverancia-300x211.jpg 300w, https:\/\/www.madeleinecr.com\/wp-content\/uploads\/2014\/05\/No-habr\u00e1-victoria-sin-inspiraci\u00f3n-compromiso-esfuerzo-trabajo-y-perseverancia-500x353.jpg 500w, https:\/\/www.madeleinecr.com\/wp-content\/uploads\/2014\/05\/No-habr\u00e1-victoria-sin-inspiraci\u00f3n-compromiso-esfuerzo-trabajo-y-perseverancia.jpg 1754w\" sizes=\"(max-width: 500px) 100vw, 500px\" \/><\/a><\/p>\n<p>&nbsp;<\/p>\n<p><a href=\"http:\/\/www.madeleinecr.com\/wp-content\/uploads\/2014\/05\/Si-tu-fe-es-s\u00f3lida-entre-m\u00e1s-oscura-e-incierta-tu-noche-m\u00e1s-fuerte-brillar\u00e1-el-sol-en-tu-amanecer.jpg\"><img loading=\"lazy\" class=\"alignnone size-large wp-image-523\" src=\"http:\/\/www.madeleinecr.com\/wp-content\/uploads\/2014\/05\/Si-tu-fe-es-s\u00f3lida-entre-m\u00e1s-oscura-e-incierta-tu-noche-m\u00e1s-fuerte-brillar\u00e1-el-sol-en-tu-amanecer-1024x723.jpg\" alt=\"Si tu fe es s\u00f3lida,  entre m\u00e1s oscura e incierta  tu noche, m\u00e1s fuerte brillar\u00e1  el sol en tu amanecer\" width=\"500\" height=\"353\" srcset=\"https:\/\/www.madeleinecr.com\/wp-content\/uploads\/2014\/05\/Si-tu-fe-es-s\u00f3lida-entre-m\u00e1s-oscura-e-incierta-tu-noche-m\u00e1s-fuerte-brillar\u00e1-el-sol-en-tu-amanecer-1024x723.jpg 1024w, https:\/\/www.madeleinecr.com\/wp-content\/uploads\/2014\/05\/Si-tu-fe-es-s\u00f3lida-entre-m\u00e1s-oscura-e-incierta-tu-noche-m\u00e1s-fuerte-brillar\u00e1-el-sol-en-tu-amanecer-300x211.jpg 300w, https:\/\/www.madeleinecr.com\/wp-content\/uploads\/2014\/05\/Si-tu-fe-es-s\u00f3lida-entre-m\u00e1s-oscura-e-incierta-tu-noche-m\u00e1s-fuerte-brillar\u00e1-el-sol-en-tu-amanecer-500x353.jpg 500w, https:\/\/www.madeleinecr.com\/wp-content\/uploads\/2014\/05\/Si-tu-fe-es-s\u00f3lida-entre-m\u00e1s-oscura-e-incierta-tu-noche-m\u00e1s-fuerte-brillar\u00e1-el-sol-en-tu-amanecer.jpg 1754w\" sizes=\"(max-width: 500px) 100vw, 500px\" \/><\/a><\/p>\n<p>&nbsp;<\/p>\n<p><a href=\"http:\/\/www.madeleinecr.com\/wp-content\/uploads\/2014\/05\/Tus-pensamientos-definen-hoy-tu-camino-ma\u00f1ana-tu-destino.jpg\"><img loading=\"lazy\" class=\"alignnone size-large wp-image-520\" src=\"http:\/\/www.madeleinecr.com\/wp-content\/uploads\/2014\/05\/Tus-pensamientos-definen-hoy-tu-camino-ma\u00f1ana-tu-destino-1024x723.jpg\" alt=\"Tus pensamientos  definen hoy tu camino,  ma\u00f1ana tu destino\" width=\"500\" height=\"353\" srcset=\"https:\/\/www.madeleinecr.com\/wp-content\/uploads\/2014\/05\/Tus-pensamientos-definen-hoy-tu-camino-ma\u00f1ana-tu-destino-1024x723.jpg 1024w, https:\/\/www.madeleinecr.com\/wp-content\/uploads\/2014\/05\/Tus-pensamientos-definen-hoy-tu-camino-ma\u00f1ana-tu-destino-300x211.jpg 300w, https:\/\/www.madeleinecr.com\/wp-content\/uploads\/2014\/05\/Tus-pensamientos-definen-hoy-tu-camino-ma\u00f1ana-tu-destino-500x353.jpg 500w, https:\/\/www.madeleinecr.com\/wp-content\/uploads\/2014\/05\/Tus-pensamientos-definen-hoy-tu-camino-ma\u00f1ana-tu-destino.jpg 1754w\" sizes=\"(max-width: 500px) 100vw, 500px\" \/><\/a><\/p>\n<p>&nbsp;<\/p>\n<p><a href=\"http:\/\/www.madeleinecr.com\/wp-content\/uploads\/2014\/05\/CULTIV\u00c1-SOLO-PENSAMIENTOS-POSITIVOS.jpg\"><img loading=\"lazy\" class=\"alignnone size-large wp-image-518\" src=\"http:\/\/www.madeleinecr.com\/wp-content\/uploads\/2014\/05\/CULTIV\u00c1-SOLO-PENSAMIENTOS-POSITIVOS-1024x723.jpg\" alt=\"CULTIV\u00c1 SOLO  PENSAMIENTOS  POSITIVOS\" width=\"500\" height=\"353\" srcset=\"https:\/\/www.madeleinecr.com\/wp-content\/uploads\/2014\/05\/CULTIV\u00c1-SOLO-PENSAMIENTOS-POSITIVOS-1024x723.jpg 1024w, https:\/\/www.madeleinecr.com\/wp-content\/uploads\/2014\/05\/CULTIV\u00c1-SOLO-PENSAMIENTOS-POSITIVOS-300x211.jpg 300w, https:\/\/www.madeleinecr.com\/wp-content\/uploads\/2014\/05\/CULTIV\u00c1-SOLO-PENSAMIENTOS-POSITIVOS-500x353.jpg 500w, https:\/\/www.madeleinecr.com\/wp-content\/uploads\/2014\/05\/CULTIV\u00c1-SOLO-PENSAMIENTOS-POSITIVOS.jpg 1754w\" sizes=\"(max-width: 500px) 100vw, 500px\" \/><\/a><\/p>\n<p>&nbsp;<\/p>\n<p><a href=\"http:\/\/www.madeleinecr.com\/wp-content\/uploads\/2014\/05\/\u00bfAcaso-las-plantas-en-primavera-por-saber-que-van-a-morir-en-invierno-deciden-mejor-no-florecer.jpg\"><img loading=\"lazy\" class=\"alignnone size-large wp-image-515\" src=\"http:\/\/www.madeleinecr.com\/wp-content\/uploads\/2014\/05\/\u00bfAcaso-las-plantas-en-primavera-por-saber-que-van-a-morir-en-invierno-deciden-mejor-no-florecer-1024x723.jpg\" alt=\"\u00bfAcaso las plantas en primavera, por saber que van a morir en invierno, deciden mejor no florecer?\" width=\"500\" height=\"353\" srcset=\"https:\/\/www.madeleinecr.com\/wp-content\/uploads\/2014\/05\/\u00bfAcaso-las-plantas-en-primavera-por-saber-que-van-a-morir-en-invierno-deciden-mejor-no-florecer-1024x723.jpg 1024w, https:\/\/www.madeleinecr.com\/wp-content\/uploads\/2014\/05\/\u00bfAcaso-las-plantas-en-primavera-por-saber-que-van-a-morir-en-invierno-deciden-mejor-no-florecer-300x211.jpg 300w, https:\/\/www.madeleinecr.com\/wp-content\/uploads\/2014\/05\/\u00bfAcaso-las-plantas-en-primavera-por-saber-que-van-a-morir-en-invierno-deciden-mejor-no-florecer-500x353.jpg 500w, https:\/\/www.madeleinecr.com\/wp-content\/uploads\/2014\/05\/\u00bfAcaso-las-plantas-en-primavera-por-saber-que-van-a-morir-en-invierno-deciden-mejor-no-florecer.jpg 1754w\" sizes=\"(max-width: 500px) 100vw, 500px\" \/><\/a><\/p>\n<p>&nbsp;<\/p>\n<p><a href=\"http:\/\/www.madeleinecr.com\/wp-content\/uploads\/2014\/05\/Procuremos-crear-y-no-destruir-acercar-y-no-separar-amar-nunca-juzgar.jpg\"><img loading=\"lazy\" class=\"alignnone size-large wp-image-512\" src=\"http:\/\/www.madeleinecr.com\/wp-content\/uploads\/2014\/05\/Procuremos-crear-y-no-destruir-acercar-y-no-separar-amar-nunca-juzgar-1024x723.jpg\" alt=\"Procuremos crear y no destruir, acercar y no separar, amar, nunca juzgar\" width=\"500\" height=\"353\" srcset=\"https:\/\/www.madeleinecr.com\/wp-content\/uploads\/2014\/05\/Procuremos-crear-y-no-destruir-acercar-y-no-separar-amar-nunca-juzgar-1024x723.jpg 1024w, https:\/\/www.madeleinecr.com\/wp-content\/uploads\/2014\/05\/Procuremos-crear-y-no-destruir-acercar-y-no-separar-amar-nunca-juzgar-300x211.jpg 300w, https:\/\/www.madeleinecr.com\/wp-content\/uploads\/2014\/05\/Procuremos-crear-y-no-destruir-acercar-y-no-separar-amar-nunca-juzgar-500x353.jpg 500w, https:\/\/www.madeleinecr.com\/wp-content\/uploads\/2014\/05\/Procuremos-crear-y-no-destruir-acercar-y-no-separar-amar-nunca-juzgar.jpg 1754w\" sizes=\"(max-width: 500px) 100vw, 500px\" \/><\/a><\/p>\n<p>&nbsp;<\/p>\n<p><a href=\"http:\/\/www.madeleinecr.com\/wp-content\/uploads\/2014\/05\/La-fortaleza-y-la-sabidur\u00eda-llegar\u00e1n-despu\u00e9s-de-cada-ca\u00edda-cada-error-cada-l\u00e1grima.jpg\"><img loading=\"lazy\" class=\"alignnone size-large wp-image-509\" src=\"http:\/\/www.madeleinecr.com\/wp-content\/uploads\/2014\/05\/La-fortaleza-y-la-sabidur\u00eda-llegar\u00e1n-despu\u00e9s-de-cada-ca\u00edda-cada-error-cada-l\u00e1grima-1024x723.jpg\" alt=\"La fortaleza y la sabidur\u00eda llegar\u00e1n despu\u00e9s de cada ca\u00edda, cada error, cada l\u00e1grima\" width=\"500\" height=\"353\" srcset=\"https:\/\/www.madeleinecr.com\/wp-content\/uploads\/2014\/05\/La-fortaleza-y-la-sabidur\u00eda-llegar\u00e1n-despu\u00e9s-de-cada-ca\u00edda-cada-error-cada-l\u00e1grima-1024x723.jpg 1024w, https:\/\/www.madeleinecr.com\/wp-content\/uploads\/2014\/05\/La-fortaleza-y-la-sabidur\u00eda-llegar\u00e1n-despu\u00e9s-de-cada-ca\u00edda-cada-error-cada-l\u00e1grima-300x211.jpg 300w, https:\/\/www.madeleinecr.com\/wp-content\/uploads\/2014\/05\/La-fortaleza-y-la-sabidur\u00eda-llegar\u00e1n-despu\u00e9s-de-cada-ca\u00edda-cada-error-cada-l\u00e1grima-500x353.jpg 500w, https:\/\/www.madeleinecr.com\/wp-content\/uploads\/2014\/05\/La-fortaleza-y-la-sabidur\u00eda-llegar\u00e1n-despu\u00e9s-de-cada-ca\u00edda-cada-error-cada-l\u00e1grima.jpg 1754w\" sizes=\"(max-width: 500px) 100vw, 500px\" \/><\/a><\/p>\n<p>&nbsp;<\/p>\n<p><a href=\"http:\/\/www.madeleinecr.com\/wp-content\/uploads\/2014\/05\/Hay-que-tomarse-el-tiempo-para-apreciar-la-vida.jpg\"><img loading=\"lazy\" class=\"alignnone size-large wp-image-507\" src=\"http:\/\/www.madeleinecr.com\/wp-content\/uploads\/2014\/05\/Hay-que-tomarse-el-tiempo-para-apreciar-la-vida-1024x723.jpg\" alt=\"Hay que tomarse el tiempo para apreciar la vida\" width=\"500\" height=\"353\" srcset=\"https:\/\/www.madeleinecr.com\/wp-content\/uploads\/2014\/05\/Hay-que-tomarse-el-tiempo-para-apreciar-la-vida-1024x723.jpg 1024w, https:\/\/www.madeleinecr.com\/wp-content\/uploads\/2014\/05\/Hay-que-tomarse-el-tiempo-para-apreciar-la-vida-300x211.jpg 300w, https:\/\/www.madeleinecr.com\/wp-content\/uploads\/2014\/05\/Hay-que-tomarse-el-tiempo-para-apreciar-la-vida-500x353.jpg 500w, https:\/\/www.madeleinecr.com\/wp-content\/uploads\/2014\/05\/Hay-que-tomarse-el-tiempo-para-apreciar-la-vida.jpg 1754w\" sizes=\"(max-width: 500px) 100vw, 500px\" \/><\/a><\/p>\n<p>&nbsp;<\/p>\n<p><a href=\"http:\/\/www.madeleinecr.com\/wp-content\/uploads\/2014\/05\/Intent\u00e1-ser-hoy-una-mejor-versi\u00f3n-de-quien-fuiste-ayer.jpg\"><img loading=\"lazy\" class=\"alignnone size-large wp-image-505\" src=\"http:\/\/www.madeleinecr.com\/wp-content\/uploads\/2014\/05\/Intent\u00e1-ser-hoy-una-mejor-versi\u00f3n-de-quien-fuiste-ayer-1024x723.jpg\" alt=\"Intent\u00e1 ser hoy una  mejor versi\u00f3n de quien fuiste ayer\" width=\"500\" height=\"353\" srcset=\"https:\/\/www.madeleinecr.com\/wp-content\/uploads\/2014\/05\/Intent\u00e1-ser-hoy-una-mejor-versi\u00f3n-de-quien-fuiste-ayer-1024x723.jpg 1024w, https:\/\/www.madeleinecr.com\/wp-content\/uploads\/2014\/05\/Intent\u00e1-ser-hoy-una-mejor-versi\u00f3n-de-quien-fuiste-ayer-300x211.jpg 300w, https:\/\/www.madeleinecr.com\/wp-content\/uploads\/2014\/05\/Intent\u00e1-ser-hoy-una-mejor-versi\u00f3n-de-quien-fuiste-ayer-500x353.jpg 500w, https:\/\/www.madeleinecr.com\/wp-content\/uploads\/2014\/05\/Intent\u00e1-ser-hoy-una-mejor-versi\u00f3n-de-quien-fuiste-ayer.jpg 1754w\" sizes=\"(max-width: 500px) 100vw, 500px\" \/><\/a><\/p>\n<p>&nbsp;<\/p>\n<p><a href=\"http:\/\/www.madeleinecr.com\/wp-content\/uploads\/2014\/05\/Nunca-es-tarde-para-volver-a-cultivar-una-ilusi\u00f3n.jpg\"><img loading=\"lazy\" class=\"alignnone size-large wp-image-503\" src=\"http:\/\/www.madeleinecr.com\/wp-content\/uploads\/2014\/05\/Nunca-es-tarde-para-volver-a-cultivar-una-ilusi\u00f3n-1024x723.jpg\" alt=\"Nunca es tarde para volver a cultivar una ilusi\u00f3n\" width=\"500\" height=\"353\" srcset=\"https:\/\/www.madeleinecr.com\/wp-content\/uploads\/2014\/05\/Nunca-es-tarde-para-volver-a-cultivar-una-ilusi\u00f3n-1024x723.jpg 1024w, https:\/\/www.madeleinecr.com\/wp-content\/uploads\/2014\/05\/Nunca-es-tarde-para-volver-a-cultivar-una-ilusi\u00f3n-300x211.jpg 300w, https:\/\/www.madeleinecr.com\/wp-content\/uploads\/2014\/05\/Nunca-es-tarde-para-volver-a-cultivar-una-ilusi\u00f3n-500x353.jpg 500w, https:\/\/www.madeleinecr.com\/wp-content\/uploads\/2014\/05\/Nunca-es-tarde-para-volver-a-cultivar-una-ilusi\u00f3n.jpg 1754w\" sizes=\"(max-width: 500px) 100vw, 500px\" \/><\/a><\/p>\n<p>&nbsp;<\/p>\n<p><a href=\"http:\/\/www.madeleinecr.com\/wp-content\/uploads\/2014\/05\/Cada-intento-por-crecer-nos-hace-m\u00e1s-admirables-m\u00e1s-nobles-m\u00e1s-geniales.jpg\"><img loading=\"lazy\" class=\"alignnone size-large wp-image-501\" src=\"http:\/\/www.madeleinecr.com\/wp-content\/uploads\/2014\/05\/Cada-intento-por-crecer-nos-hace-m\u00e1s-admirables-m\u00e1s-nobles-m\u00e1s-geniales-1024x723.jpg\" alt=\"Cada intento por crecer nos hace m\u00e1s admirables, m\u00e1s nobles, m\u00e1s geniales\" width=\"500\" height=\"353\" srcset=\"https:\/\/www.madeleinecr.com\/wp-content\/uploads\/2014\/05\/Cada-intento-por-crecer-nos-hace-m\u00e1s-admirables-m\u00e1s-nobles-m\u00e1s-geniales-1024x723.jpg 1024w, https:\/\/www.madeleinecr.com\/wp-content\/uploads\/2014\/05\/Cada-intento-por-crecer-nos-hace-m\u00e1s-admirables-m\u00e1s-nobles-m\u00e1s-geniales-300x211.jpg 300w, https:\/\/www.madeleinecr.com\/wp-content\/uploads\/2014\/05\/Cada-intento-por-crecer-nos-hace-m\u00e1s-admirables-m\u00e1s-nobles-m\u00e1s-geniales-500x353.jpg 500w, https:\/\/www.madeleinecr.com\/wp-content\/uploads\/2014\/05\/Cada-intento-por-crecer-nos-hace-m\u00e1s-admirables-m\u00e1s-nobles-m\u00e1s-geniales.jpg 1754w\" sizes=\"(max-width: 500px) 100vw, 500px\" \/><\/a><\/p>\n<p>&nbsp;<\/p>\n<p><a href=\"http:\/\/www.madeleinecr.com\/wp-content\/uploads\/2014\/05\/Todos-tenemos-derecho-a-so\u00f1ar-y-a-ver-nuestros-sue\u00f1os-convertidos-en-realidad.jpg\"><img loading=\"lazy\" class=\"alignnone size-large wp-image-499\" src=\"http:\/\/www.madeleinecr.com\/wp-content\/uploads\/2014\/05\/Todos-tenemos-derecho-a-so\u00f1ar-y-a-ver-nuestros-sue\u00f1os-convertidos-en-realidad-1024x723.jpg\" alt=\"Todos tenemos derecho a so\u00f1ar y a ver  nuestros sue\u00f1os convertidos en realidad\" width=\"500\" height=\"353\" srcset=\"https:\/\/www.madeleinecr.com\/wp-content\/uploads\/2014\/05\/Todos-tenemos-derecho-a-so\u00f1ar-y-a-ver-nuestros-sue\u00f1os-convertidos-en-realidad-1024x723.jpg 1024w, https:\/\/www.madeleinecr.com\/wp-content\/uploads\/2014\/05\/Todos-tenemos-derecho-a-so\u00f1ar-y-a-ver-nuestros-sue\u00f1os-convertidos-en-realidad-300x211.jpg 300w, https:\/\/www.madeleinecr.com\/wp-content\/uploads\/2014\/05\/Todos-tenemos-derecho-a-so\u00f1ar-y-a-ver-nuestros-sue\u00f1os-convertidos-en-realidad-500x353.jpg 500w, https:\/\/www.madeleinecr.com\/wp-content\/uploads\/2014\/05\/Todos-tenemos-derecho-a-so\u00f1ar-y-a-ver-nuestros-sue\u00f1os-convertidos-en-realidad.jpg 1754w\" sizes=\"(max-width: 500px) 100vw, 500px\" \/><\/a><\/p>\n<p>&nbsp;<\/p>\n<p><a href=\"http:\/\/www.madeleinecr.com\/wp-content\/uploads\/2014\/05\/Cada-imperfecci\u00f3n-nos-hace-m\u00e1s-vulnerables-m\u00e1s-reales-m\u00e1s-humanos.jpg\"><img loading=\"lazy\" class=\"alignnone size-large wp-image-496\" src=\"http:\/\/www.madeleinecr.com\/wp-content\/uploads\/2014\/05\/Cada-imperfecci\u00f3n-nos-hace-m\u00e1s-vulnerables-m\u00e1s-reales-m\u00e1s-humanos-1024x723.jpg\" alt=\"Cada imperfecci\u00f3n nos hace m\u00e1s vulnerables, m\u00e1s reales, m\u00e1s humanos\" width=\"500\" height=\"353\" srcset=\"https:\/\/www.madeleinecr.com\/wp-content\/uploads\/2014\/05\/Cada-imperfecci\u00f3n-nos-hace-m\u00e1s-vulnerables-m\u00e1s-reales-m\u00e1s-humanos-1024x723.jpg 1024w, https:\/\/www.madeleinecr.com\/wp-content\/uploads\/2014\/05\/Cada-imperfecci\u00f3n-nos-hace-m\u00e1s-vulnerables-m\u00e1s-reales-m\u00e1s-humanos-300x211.jpg 300w, https:\/\/www.madeleinecr.com\/wp-content\/uploads\/2014\/05\/Cada-imperfecci\u00f3n-nos-hace-m\u00e1s-vulnerables-m\u00e1s-reales-m\u00e1s-humanos-500x353.jpg 500w, https:\/\/www.madeleinecr.com\/wp-content\/uploads\/2014\/05\/Cada-imperfecci\u00f3n-nos-hace-m\u00e1s-vulnerables-m\u00e1s-reales-m\u00e1s-humanos.jpg 1754w\" sizes=\"(max-width: 500px) 100vw, 500px\" \/><\/a><\/p>\n<p>&nbsp;<\/p>\n<p><a href=\"http:\/\/www.madeleinecr.com\/wp-content\/uploads\/2014\/05\/Ser\u00e1s-capaz-todo-cuanto-seas-capaz-de-imaginar.jpg\"><img loading=\"lazy\" class=\"alignnone size-large wp-image-494\" src=\"http:\/\/www.madeleinecr.com\/wp-content\/uploads\/2014\/05\/Ser\u00e1s-capaz-todo-cuanto-seas-capaz-de-imaginar-1024x723.jpg\" alt=\"Ser\u00e1s capaz todo cuanto seas capaz de  imaginar\" width=\"500\" height=\"353\" srcset=\"https:\/\/www.madeleinecr.com\/wp-content\/uploads\/2014\/05\/Ser\u00e1s-capaz-todo-cuanto-seas-capaz-de-imaginar-1024x723.jpg 1024w, https:\/\/www.madeleinecr.com\/wp-content\/uploads\/2014\/05\/Ser\u00e1s-capaz-todo-cuanto-seas-capaz-de-imaginar-300x211.jpg 300w, https:\/\/www.madeleinecr.com\/wp-content\/uploads\/2014\/05\/Ser\u00e1s-capaz-todo-cuanto-seas-capaz-de-imaginar-500x353.jpg 500w, https:\/\/www.madeleinecr.com\/wp-content\/uploads\/2014\/05\/Ser\u00e1s-capaz-todo-cuanto-seas-capaz-de-imaginar.jpg 1754w\" sizes=\"(max-width: 500px) 100vw, 500px\" \/><\/a><\/p>\n<p>&nbsp;<\/p>\n<p><a href=\"http:\/\/www.madeleinecr.com\/wp-content\/uploads\/2014\/05\/Cada-ser-humano-debe-encontrar-su-propio-camino-al-\u00e9xito.jpg\"><img loading=\"lazy\" class=\"alignnone size-large wp-image-489\" src=\"http:\/\/www.madeleinecr.com\/wp-content\/uploads\/2014\/05\/Cada-ser-humano-debe-encontrar-su-propio-camino-al-\u00e9xito-1024x723.jpg\" alt=\"Cada ser humano debe encontrar su propio  camino al \u00e9xito\" width=\"500\" height=\"353\" srcset=\"https:\/\/www.madeleinecr.com\/wp-content\/uploads\/2014\/05\/Cada-ser-humano-debe-encontrar-su-propio-camino-al-\u00e9xito-1024x723.jpg 1024w, https:\/\/www.madeleinecr.com\/wp-content\/uploads\/2014\/05\/Cada-ser-humano-debe-encontrar-su-propio-camino-al-\u00e9xito-300x211.jpg 300w, https:\/\/www.madeleinecr.com\/wp-content\/uploads\/2014\/05\/Cada-ser-humano-debe-encontrar-su-propio-camino-al-\u00e9xito-500x353.jpg 500w, https:\/\/www.madeleinecr.com\/wp-content\/uploads\/2014\/05\/Cada-ser-humano-debe-encontrar-su-propio-camino-al-\u00e9xito.jpg 1754w\" sizes=\"(max-width: 500px) 100vw, 500px\" \/><\/a><\/p>\n<p>&nbsp;<\/p>\n<p><a href=\"http:\/\/www.madeleinecr.com\/wp-content\/uploads\/2014\/05\/Nunca-subestim\u00e9s-el-poder-de-tu-pasi\u00f3n-para-inspirar-a-otros.jpg\"><img loading=\"lazy\" class=\"alignnone size-large wp-image-487\" src=\"http:\/\/www.madeleinecr.com\/wp-content\/uploads\/2014\/05\/Nunca-subestim\u00e9s-el-poder-de-tu-pasi\u00f3n-para-inspirar-a-otros-1024x723.jpg\" alt=\"Nunca subestim\u00e9s el poder de tu pasi\u00f3n para inspirar a otros\" width=\"500\" height=\"353\" srcset=\"https:\/\/www.madeleinecr.com\/wp-content\/uploads\/2014\/05\/Nunca-subestim\u00e9s-el-poder-de-tu-pasi\u00f3n-para-inspirar-a-otros-1024x723.jpg 1024w, https:\/\/www.madeleinecr.com\/wp-content\/uploads\/2014\/05\/Nunca-subestim\u00e9s-el-poder-de-tu-pasi\u00f3n-para-inspirar-a-otros-300x211.jpg 300w, https:\/\/www.madeleinecr.com\/wp-content\/uploads\/2014\/05\/Nunca-subestim\u00e9s-el-poder-de-tu-pasi\u00f3n-para-inspirar-a-otros-500x353.jpg 500w, https:\/\/www.madeleinecr.com\/wp-content\/uploads\/2014\/05\/Nunca-subestim\u00e9s-el-poder-de-tu-pasi\u00f3n-para-inspirar-a-otros.jpg 1754w\" sizes=\"(max-width: 500px) 100vw, 500px\" \/><\/a><\/p>\n<p>&nbsp;<\/p>\n<p><a href=\"http:\/\/www.madeleinecr.com\/wp-content\/uploads\/2014\/05\/Todos-seguimos-siendo-ni\u00f1os.jpg\"><img loading=\"lazy\" class=\"alignnone size-large wp-image-485\" src=\"http:\/\/www.madeleinecr.com\/wp-content\/uploads\/2014\/05\/Todos-seguimos-siendo-ni\u00f1os-1024x723.jpg\" alt=\"Todos seguimos siendo ni\u00f1os\" width=\"500\" height=\"353\" srcset=\"https:\/\/www.madeleinecr.com\/wp-content\/uploads\/2014\/05\/Todos-seguimos-siendo-ni\u00f1os-1024x723.jpg 1024w, https:\/\/www.madeleinecr.com\/wp-content\/uploads\/2014\/05\/Todos-seguimos-siendo-ni\u00f1os-300x211.jpg 300w, https:\/\/www.madeleinecr.com\/wp-content\/uploads\/2014\/05\/Todos-seguimos-siendo-ni\u00f1os-500x353.jpg 500w, https:\/\/www.madeleinecr.com\/wp-content\/uploads\/2014\/05\/Todos-seguimos-siendo-ni\u00f1os.jpg 1754w\" sizes=\"(max-width: 500px) 100vw, 500px\" \/><\/a><\/p>\n<p>&nbsp;<\/p>\n<p><a href=\"http:\/\/www.madeleinecr.com\/wp-content\/uploads\/2014\/05\/Que-se-multipliquen-tus-retos.jpg\"><img loading=\"lazy\" class=\"alignnone size-large wp-image-482\" src=\"http:\/\/www.madeleinecr.com\/wp-content\/uploads\/2014\/05\/Que-se-multipliquen-tus-retos-1024x723.jpg\" alt=\"Que se multipliquen tus retos\" width=\"500\" height=\"353\" srcset=\"https:\/\/www.madeleinecr.com\/wp-content\/uploads\/2014\/05\/Que-se-multipliquen-tus-retos-1024x723.jpg 1024w, https:\/\/www.madeleinecr.com\/wp-content\/uploads\/2014\/05\/Que-se-multipliquen-tus-retos-300x211.jpg 300w, https:\/\/www.madeleinecr.com\/wp-content\/uploads\/2014\/05\/Que-se-multipliquen-tus-retos-500x353.jpg 500w, https:\/\/www.madeleinecr.com\/wp-content\/uploads\/2014\/05\/Que-se-multipliquen-tus-retos.jpg 1754w\" sizes=\"(max-width: 500px) 100vw, 500px\" \/><\/a><\/p>\n<p>&nbsp;<\/p>\n<p><a href=\"http:\/\/www.madeleinecr.com\/wp-content\/uploads\/2014\/05\/Convert\u00ed-tu-vida-en-un-bello-poema-que-inspire-a-otros.jpg\"><img loading=\"lazy\" class=\"alignnone size-large wp-image-480\" src=\"http:\/\/www.madeleinecr.com\/wp-content\/uploads\/2014\/05\/Convert\u00ed-tu-vida-en-un-bello-poema-que-inspire-a-otros-1024x723.jpg\" alt=\"Convert\u00ed tu vida en un  bello poema que inspire a otros\" width=\"500\" height=\"353\" srcset=\"https:\/\/www.madeleinecr.com\/wp-content\/uploads\/2014\/05\/Convert\u00ed-tu-vida-en-un-bello-poema-que-inspire-a-otros-1024x723.jpg 1024w, https:\/\/www.madeleinecr.com\/wp-content\/uploads\/2014\/05\/Convert\u00ed-tu-vida-en-un-bello-poema-que-inspire-a-otros-300x211.jpg 300w, https:\/\/www.madeleinecr.com\/wp-content\/uploads\/2014\/05\/Convert\u00ed-tu-vida-en-un-bello-poema-que-inspire-a-otros-500x353.jpg 500w, https:\/\/www.madeleinecr.com\/wp-content\/uploads\/2014\/05\/Convert\u00ed-tu-vida-en-un-bello-poema-que-inspire-a-otros.jpg 1754w\" sizes=\"(max-width: 500px) 100vw, 500px\" \/><\/a><\/p>\n<p>&nbsp;<\/p>\n<p><a href=\"http:\/\/www.madeleinecr.com\/wp-content\/uploads\/2014\/05\/El-secreto-es-aprender-a-cosechar-fe-de-la-tristeza.jpg\"><img loading=\"lazy\" class=\"alignnone size-large wp-image-478\" src=\"http:\/\/www.madeleinecr.com\/wp-content\/uploads\/2014\/05\/El-secreto-es-aprender-a-cosechar-fe-de-la-tristeza-1024x723.jpg\" alt=\"El secreto es aprender a cosechar fe de la tristeza\" width=\"500\" height=\"353\" srcset=\"https:\/\/www.madeleinecr.com\/wp-content\/uploads\/2014\/05\/El-secreto-es-aprender-a-cosechar-fe-de-la-tristeza-1024x723.jpg 1024w, https:\/\/www.madeleinecr.com\/wp-content\/uploads\/2014\/05\/El-secreto-es-aprender-a-cosechar-fe-de-la-tristeza-300x211.jpg 300w, https:\/\/www.madeleinecr.com\/wp-content\/uploads\/2014\/05\/El-secreto-es-aprender-a-cosechar-fe-de-la-tristeza-500x353.jpg 500w, https:\/\/www.madeleinecr.com\/wp-content\/uploads\/2014\/05\/El-secreto-es-aprender-a-cosechar-fe-de-la-tristeza.jpg 1754w\" sizes=\"(max-width: 500px) 100vw, 500px\" \/><\/a><\/p>\n<p>&nbsp;<\/p>\n<p><a href=\"http:\/\/www.madeleinecr.com\/wp-content\/uploads\/2014\/05\/Sos-lo-que-cre\u00e9s-que-sos.jpg\"><img loading=\"lazy\" class=\"alignnone size-large wp-image-476\" src=\"http:\/\/www.madeleinecr.com\/wp-content\/uploads\/2014\/05\/Sos-lo-que-cre\u00e9s-que-sos-1024x723.jpg\" alt=\"Sos lo  que cre\u00e9s  que sos\" width=\"500\" height=\"353\" srcset=\"https:\/\/www.madeleinecr.com\/wp-content\/uploads\/2014\/05\/Sos-lo-que-cre\u00e9s-que-sos-1024x723.jpg 1024w, https:\/\/www.madeleinecr.com\/wp-content\/uploads\/2014\/05\/Sos-lo-que-cre\u00e9s-que-sos-300x211.jpg 300w, https:\/\/www.madeleinecr.com\/wp-content\/uploads\/2014\/05\/Sos-lo-que-cre\u00e9s-que-sos-500x353.jpg 500w, https:\/\/www.madeleinecr.com\/wp-content\/uploads\/2014\/05\/Sos-lo-que-cre\u00e9s-que-sos.jpg 1754w\" sizes=\"(max-width: 500px) 100vw, 500px\" \/><\/a><\/p>\n<p>&nbsp;<\/p>\n<p><a href=\"http:\/\/www.madeleinecr.com\/wp-content\/uploads\/2014\/05\/Aprend\u00e9-a-dominar-tus-miedos-y-tom\u00e1-este-tren.jpg\"><img loading=\"lazy\" class=\"alignnone size-large wp-image-474\" src=\"http:\/\/www.madeleinecr.com\/wp-content\/uploads\/2014\/05\/Aprend\u00e9-a-dominar-tus-miedos-y-tom\u00e1-este-tren-1024x723.jpg\" alt=\"Aprend\u00e9 a dominar tus miedos y tom\u00e1 este tren\" width=\"500\" height=\"353\" srcset=\"https:\/\/www.madeleinecr.com\/wp-content\/uploads\/2014\/05\/Aprend\u00e9-a-dominar-tus-miedos-y-tom\u00e1-este-tren-1024x723.jpg 1024w, https:\/\/www.madeleinecr.com\/wp-content\/uploads\/2014\/05\/Aprend\u00e9-a-dominar-tus-miedos-y-tom\u00e1-este-tren-300x211.jpg 300w, https:\/\/www.madeleinecr.com\/wp-content\/uploads\/2014\/05\/Aprend\u00e9-a-dominar-tus-miedos-y-tom\u00e1-este-tren-500x353.jpg 500w, https:\/\/www.madeleinecr.com\/wp-content\/uploads\/2014\/05\/Aprend\u00e9-a-dominar-tus-miedos-y-tom\u00e1-este-tren.jpg 1754w\" sizes=\"(max-width: 500px) 100vw, 500px\" \/><\/a><\/p>\n<p>&nbsp;<\/p>\n<p><a href=\"http:\/\/www.madeleinecr.com\/wp-content\/uploads\/2014\/05\/La-sabidur\u00eda-y-la-experiencia-tendr\u00e1n-un-precio.jpg\"><img loading=\"lazy\" class=\"alignnone size-large wp-image-472\" src=\"http:\/\/www.madeleinecr.com\/wp-content\/uploads\/2014\/05\/La-sabidur\u00eda-y-la-experiencia-tendr\u00e1n-un-precio-1024x723.jpg\" alt=\"La sabidur\u00eda y la experiencia tendr\u00e1n un precio\" width=\"500\" height=\"353\" srcset=\"https:\/\/www.madeleinecr.com\/wp-content\/uploads\/2014\/05\/La-sabidur\u00eda-y-la-experiencia-tendr\u00e1n-un-precio-1024x723.jpg 1024w, https:\/\/www.madeleinecr.com\/wp-content\/uploads\/2014\/05\/La-sabidur\u00eda-y-la-experiencia-tendr\u00e1n-un-precio-300x211.jpg 300w, https:\/\/www.madeleinecr.com\/wp-content\/uploads\/2014\/05\/La-sabidur\u00eda-y-la-experiencia-tendr\u00e1n-un-precio-500x353.jpg 500w, https:\/\/www.madeleinecr.com\/wp-content\/uploads\/2014\/05\/La-sabidur\u00eda-y-la-experiencia-tendr\u00e1n-un-precio.jpg 1754w\" sizes=\"(max-width: 500px) 100vw, 500px\" \/><\/a><\/p>\n<p>&nbsp;<\/p>\n<p><a href=\"http:\/\/www.madeleinecr.com\/wp-content\/uploads\/2014\/05\/Llegar\u00e1-un-momento-en-tu-camino-.jpg\"><img loading=\"lazy\" class=\"alignnone size-large wp-image-469\" src=\"http:\/\/www.madeleinecr.com\/wp-content\/uploads\/2014\/05\/Llegar\u00e1-un-momento-en-tu-camino--1024x723.jpg\" alt=\"Llegar\u00e1 un momento en tu camino\" width=\"500\" height=\"353\" srcset=\"https:\/\/www.madeleinecr.com\/wp-content\/uploads\/2014\/05\/Llegar\u00e1-un-momento-en-tu-camino--1024x723.jpg 1024w, https:\/\/www.madeleinecr.com\/wp-content\/uploads\/2014\/05\/Llegar\u00e1-un-momento-en-tu-camino--300x211.jpg 300w, https:\/\/www.madeleinecr.com\/wp-content\/uploads\/2014\/05\/Llegar\u00e1-un-momento-en-tu-camino--500x353.jpg 500w, https:\/\/www.madeleinecr.com\/wp-content\/uploads\/2014\/05\/Llegar\u00e1-un-momento-en-tu-camino-.jpg 1754w\" sizes=\"(max-width: 500px) 100vw, 500px\" \/><\/a><\/p>\n<p>&nbsp;<\/p>\n<p><a href=\"http:\/\/www.madeleinecr.com\/wp-content\/uploads\/2014\/05\/Cada-prueba-te-har\u00e1-m\u00e1s-fuerte-te-obligar\u00e1-a-creer-en-vos-mismo.jpg\"><img loading=\"lazy\" class=\"alignnone size-large wp-image-470\" src=\"http:\/\/www.madeleinecr.com\/wp-content\/uploads\/2014\/05\/Cada-prueba-te-har\u00e1-m\u00e1s-fuerte-te-obligar\u00e1-a-creer-en-vos-mismo-1024x723.jpg\" alt=\"Cada prueba te har\u00e1 m\u00e1s fuerte, te obligar\u00e1 a creer en vos mismo\" width=\"500\" height=\"353\" srcset=\"https:\/\/www.madeleinecr.com\/wp-content\/uploads\/2014\/05\/Cada-prueba-te-har\u00e1-m\u00e1s-fuerte-te-obligar\u00e1-a-creer-en-vos-mismo-1024x723.jpg 1024w, https:\/\/www.madeleinecr.com\/wp-content\/uploads\/2014\/05\/Cada-prueba-te-har\u00e1-m\u00e1s-fuerte-te-obligar\u00e1-a-creer-en-vos-mismo-300x211.jpg 300w, https:\/\/www.madeleinecr.com\/wp-content\/uploads\/2014\/05\/Cada-prueba-te-har\u00e1-m\u00e1s-fuerte-te-obligar\u00e1-a-creer-en-vos-mismo-500x353.jpg 500w, https:\/\/www.madeleinecr.com\/wp-content\/uploads\/2014\/05\/Cada-prueba-te-har\u00e1-m\u00e1s-fuerte-te-obligar\u00e1-a-creer-en-vos-mismo.jpg 1754w\" sizes=\"(max-width: 500px) 100vw, 500px\" \/><\/a><\/p>\n<p>&nbsp;<\/p>\n<p><a href=\"http:\/\/www.madeleinecr.com\/wp-content\/uploads\/2014\/05\/La-fe-te-har\u00e1-invencible-y-el-amor-te-elevar\u00e1-sobre-el-dolor.jpg\"><img loading=\"lazy\" class=\"alignnone size-large wp-image-460\" src=\"http:\/\/www.madeleinecr.com\/wp-content\/uploads\/2014\/05\/La-fe-te-har\u00e1-invencible-y-el-amor-te-elevar\u00e1-sobre-el-dolor-1024x723.jpg\" alt=\"La fe te har\u00e1 invencible y el amor te  elevar\u00e1 sobre  el dolor\" width=\"500\" height=\"353\" srcset=\"https:\/\/www.madeleinecr.com\/wp-content\/uploads\/2014\/05\/La-fe-te-har\u00e1-invencible-y-el-amor-te-elevar\u00e1-sobre-el-dolor-1024x723.jpg 1024w, https:\/\/www.madeleinecr.com\/wp-content\/uploads\/2014\/05\/La-fe-te-har\u00e1-invencible-y-el-amor-te-elevar\u00e1-sobre-el-dolor-300x211.jpg 300w, https:\/\/www.madeleinecr.com\/wp-content\/uploads\/2014\/05\/La-fe-te-har\u00e1-invencible-y-el-amor-te-elevar\u00e1-sobre-el-dolor-500x353.jpg 500w, https:\/\/www.madeleinecr.com\/wp-content\/uploads\/2014\/05\/La-fe-te-har\u00e1-invencible-y-el-amor-te-elevar\u00e1-sobre-el-dolor.jpg 1754w\" sizes=\"(max-width: 500px) 100vw, 500px\" \/><\/a><\/p>\n<p>&nbsp;<\/p>\n<p><a href=\"http:\/\/www.madeleinecr.com\/wp-content\/uploads\/2014\/05\/TU-VIDA-ES-TU-RETO.jpg\"><img loading=\"lazy\" class=\"alignnone size-large wp-image-457\" src=\"http:\/\/www.madeleinecr.com\/wp-content\/uploads\/2014\/05\/TU-VIDA-ES-TU-RETO-1024x723.jpg\" alt=\"TU VIDA ES TU RETO\" width=\"500\" height=\"353\" srcset=\"https:\/\/www.madeleinecr.com\/wp-content\/uploads\/2014\/05\/TU-VIDA-ES-TU-RETO-1024x723.jpg 1024w, https:\/\/www.madeleinecr.com\/wp-content\/uploads\/2014\/05\/TU-VIDA-ES-TU-RETO-300x211.jpg 300w, https:\/\/www.madeleinecr.com\/wp-content\/uploads\/2014\/05\/TU-VIDA-ES-TU-RETO-500x353.jpg 500w, https:\/\/www.madeleinecr.com\/wp-content\/uploads\/2014\/05\/TU-VIDA-ES-TU-RETO.jpg 1754w\" sizes=\"(max-width: 500px) 100vw, 500px\" \/><\/a><\/p>\n<p>&nbsp;<\/p>\n<p><a href=\"http:\/\/www.madeleinecr.com\/wp-content\/uploads\/2014\/05\/Nada-en-este-mundo-podr\u00e1-callar-tu-canci\u00f3n.jpg\"><img loading=\"lazy\" class=\"alignnone size-large wp-image-455\" src=\"http:\/\/www.madeleinecr.com\/wp-content\/uploads\/2014\/05\/Nada-en-este-mundo-podr\u00e1-callar-tu-canci\u00f3n-1024x723.jpg\" alt=\"Nada en este mundo podr\u00e1 callar tu canci\u00f3n\" width=\"500\" height=\"353\" srcset=\"https:\/\/www.madeleinecr.com\/wp-content\/uploads\/2014\/05\/Nada-en-este-mundo-podr\u00e1-callar-tu-canci\u00f3n-1024x723.jpg 1024w, https:\/\/www.madeleinecr.com\/wp-content\/uploads\/2014\/05\/Nada-en-este-mundo-podr\u00e1-callar-tu-canci\u00f3n-300x211.jpg 300w, https:\/\/www.madeleinecr.com\/wp-content\/uploads\/2014\/05\/Nada-en-este-mundo-podr\u00e1-callar-tu-canci\u00f3n-500x353.jpg 500w, https:\/\/www.madeleinecr.com\/wp-content\/uploads\/2014\/05\/Nada-en-este-mundo-podr\u00e1-callar-tu-canci\u00f3n.jpg 1754w\" sizes=\"(max-width: 500px) 100vw, 500px\" \/><\/a><\/p>\n<p>&nbsp;<\/p>\n<p><a href=\"http:\/\/www.madeleinecr.com\/wp-content\/uploads\/2014\/05\/Una-mente-original-nunca-pasar\u00e1-inadvertida.jpg\"><img loading=\"lazy\" class=\"alignnone size-medium wp-image-451\" src=\"http:\/\/www.madeleinecr.com\/wp-content\/uploads\/2014\/05\/Una-mente-original-nunca-pasar\u00e1-inadvertida-300x211.jpg\" alt=\"Una mente original nunca pasar\u00e1 inadvertida\" width=\"300\" height=\"211\" srcset=\"https:\/\/www.madeleinecr.com\/wp-content\/uploads\/2014\/05\/Una-mente-original-nunca-pasar\u00e1-inadvertida-300x211.jpg 300w, https:\/\/www.madeleinecr.com\/wp-content\/uploads\/2014\/05\/Una-mente-original-nunca-pasar\u00e1-inadvertida-1024x723.jpg 1024w, https:\/\/www.madeleinecr.com\/wp-content\/uploads\/2014\/05\/Una-mente-original-nunca-pasar\u00e1-inadvertida-500x353.jpg 500w, https:\/\/www.madeleinecr.com\/wp-content\/uploads\/2014\/05\/Una-mente-original-nunca-pasar\u00e1-inadvertida.jpg 1754w\" sizes=\"(max-width: 300px) 100vw, 300px\" \/><\/a><\/p>\n<p>&nbsp;<\/p>\n<p><a href=\"http:\/\/www.madeleinecr.com\/wp-content\/uploads\/2014\/05\/El-amor-le-dar\u00e1-color-al-camino-y-la-pasi\u00f3n-la-energ\u00eda-para-caminar.jpg\"><img loading=\"lazy\" class=\"alignnone size-medium wp-image-449\" src=\"http:\/\/www.madeleinecr.com\/wp-content\/uploads\/2014\/05\/El-amor-le-dar\u00e1-color-al-camino-y-la-pasi\u00f3n-la-energ\u00eda-para-caminar-212x300.jpg\" alt=\"El amor le dar\u00e1 color al camino y la pasi\u00f3n, la energ\u00eda para caminar\" width=\"212\" height=\"300\" srcset=\"https:\/\/www.madeleinecr.com\/wp-content\/uploads\/2014\/05\/El-amor-le-dar\u00e1-color-al-camino-y-la-pasi\u00f3n-la-energ\u00eda-para-caminar-212x300.jpg 212w, https:\/\/www.madeleinecr.com\/wp-content\/uploads\/2014\/05\/El-amor-le-dar\u00e1-color-al-camino-y-la-pasi\u00f3n-la-energ\u00eda-para-caminar-724x1024.jpg 724w, https:\/\/www.madeleinecr.com\/wp-content\/uploads\/2014\/05\/El-amor-le-dar\u00e1-color-al-camino-y-la-pasi\u00f3n-la-energ\u00eda-para-caminar-500x706.jpg 500w, https:\/\/www.madeleinecr.com\/wp-content\/uploads\/2014\/05\/El-amor-le-dar\u00e1-color-al-camino-y-la-pasi\u00f3n-la-energ\u00eda-para-caminar.jpg 1240w\" sizes=\"(max-width: 212px) 100vw, 212px\" \/><\/a><\/p>\n<p>&nbsp;<\/p>\n<p><a href=\"http:\/\/www.madeleinecr.com\/wp-content\/uploads\/2014\/05\/Talvez-todo-lo-que-necesit\u00e1s-hoy-es-callar-y-escuchar-tu-alma.jpg\"><img loading=\"lazy\" class=\"alignnone size-medium wp-image-447\" src=\"http:\/\/www.madeleinecr.com\/wp-content\/uploads\/2014\/05\/Talvez-todo-lo-que-necesit\u00e1s-hoy-es-callar-y-escuchar-tu-alma-300x211.jpg\" alt=\"Talvez todo lo que necesit\u00e1s hoy es callar y escuchar tu alma\" width=\"300\" height=\"211\" srcset=\"https:\/\/www.madeleinecr.com\/wp-content\/uploads\/2014\/05\/Talvez-todo-lo-que-necesit\u00e1s-hoy-es-callar-y-escuchar-tu-alma-300x211.jpg 300w, https:\/\/www.madeleinecr.com\/wp-content\/uploads\/2014\/05\/Talvez-todo-lo-que-necesit\u00e1s-hoy-es-callar-y-escuchar-tu-alma-1024x723.jpg 1024w, https:\/\/www.madeleinecr.com\/wp-content\/uploads\/2014\/05\/Talvez-todo-lo-que-necesit\u00e1s-hoy-es-callar-y-escuchar-tu-alma-500x353.jpg 500w, https:\/\/www.madeleinecr.com\/wp-content\/uploads\/2014\/05\/Talvez-todo-lo-que-necesit\u00e1s-hoy-es-callar-y-escuchar-tu-alma.jpg 1754w\" sizes=\"(max-width: 300px) 100vw, 300px\" \/><\/a><\/p>\n<p>&nbsp;<\/p>\n<p><a href=\"http:\/\/www.madeleinecr.com\/wp-content\/uploads\/2014\/05\/El-problema-del-tiempo-es-que-vuela-cuando-llev\u00e1s-la-pasi\u00f3n-tatuada-en-el-coraz\u00f3n.jpg\"><img loading=\"lazy\" class=\"alignnone size-medium wp-image-444\" src=\"http:\/\/www.madeleinecr.com\/wp-content\/uploads\/2014\/05\/El-problema-del-tiempo-es-que-vuela-cuando-llev\u00e1s-la-pasi\u00f3n-tatuada-en-el-coraz\u00f3n-300x211.jpg\" alt=\"El problema del tiempo es que vuela cuando llev\u00e1s  la pasi\u00f3n tatuada  en el coraz\u00f3n\" width=\"300\" height=\"211\" srcset=\"https:\/\/www.madeleinecr.com\/wp-content\/uploads\/2014\/05\/El-problema-del-tiempo-es-que-vuela-cuando-llev\u00e1s-la-pasi\u00f3n-tatuada-en-el-coraz\u00f3n-300x211.jpg 300w, https:\/\/www.madeleinecr.com\/wp-content\/uploads\/2014\/05\/El-problema-del-tiempo-es-que-vuela-cuando-llev\u00e1s-la-pasi\u00f3n-tatuada-en-el-coraz\u00f3n-1024x723.jpg 1024w, https:\/\/www.madeleinecr.com\/wp-content\/uploads\/2014\/05\/El-problema-del-tiempo-es-que-vuela-cuando-llev\u00e1s-la-pasi\u00f3n-tatuada-en-el-coraz\u00f3n-500x353.jpg 500w, https:\/\/www.madeleinecr.com\/wp-content\/uploads\/2014\/05\/El-problema-del-tiempo-es-que-vuela-cuando-llev\u00e1s-la-pasi\u00f3n-tatuada-en-el-coraz\u00f3n.jpg 1754w\" sizes=\"(max-width: 300px) 100vw, 300px\" \/><\/a><\/p>\n<p>&nbsp;<\/p>\n<p><a href=\"http:\/\/www.madeleinecr.com\/wp-content\/uploads\/2014\/05\/Comenz\u00e1-un-nuevo-camino-siempre-con-la-certeza-.jpg\"><img loading=\"lazy\" class=\"alignnone size-medium wp-image-439\" src=\"http:\/\/www.madeleinecr.com\/wp-content\/uploads\/2014\/05\/Comenz\u00e1-un-nuevo-camino-siempre-con-la-certeza--211x300.jpg\" alt=\"Comenz\u00e1 un nuevo camino siempre con la certeza\" width=\"211\" height=\"300\" srcset=\"https:\/\/www.madeleinecr.com\/wp-content\/uploads\/2014\/05\/Comenz\u00e1-un-nuevo-camino-siempre-con-la-certeza--211x300.jpg 211w, https:\/\/www.madeleinecr.com\/wp-content\/uploads\/2014\/05\/Comenz\u00e1-un-nuevo-camino-siempre-con-la-certeza--723x1024.jpg 723w, https:\/\/www.madeleinecr.com\/wp-content\/uploads\/2014\/05\/Comenz\u00e1-un-nuevo-camino-siempre-con-la-certeza-.jpg 1239w\" sizes=\"(max-width: 211px) 100vw, 211px\" \/><\/a><\/p>\n<p>&nbsp;<\/p>\n<p><a href=\"http:\/\/www.madeleinecr.com\/wp-content\/uploads\/2014\/05\/Al-final-del-d\u00eda-s\u00f3lo-una-cosa-debe-importar.jpg\"><img loading=\"lazy\" class=\"alignnone size-large wp-image-435\" src=\"http:\/\/www.madeleinecr.com\/wp-content\/uploads\/2014\/05\/Al-final-del-d\u00eda-s\u00f3lo-una-cosa-debe-importar-1024x724.jpg\" alt=\"Al final del d\u00eda s\u00f3lo una cosa debe importar\" width=\"500\" height=\"353\" srcset=\"https:\/\/www.madeleinecr.com\/wp-content\/uploads\/2014\/05\/Al-final-del-d\u00eda-s\u00f3lo-una-cosa-debe-importar-1024x724.jpg 1024w, https:\/\/www.madeleinecr.com\/wp-content\/uploads\/2014\/05\/Al-final-del-d\u00eda-s\u00f3lo-una-cosa-debe-importar-300x212.jpg 300w, https:\/\/www.madeleinecr.com\/wp-content\/uploads\/2014\/05\/Al-final-del-d\u00eda-s\u00f3lo-una-cosa-debe-importar-500x353.jpg 500w, https:\/\/www.madeleinecr.com\/wp-content\/uploads\/2014\/05\/Al-final-del-d\u00eda-s\u00f3lo-una-cosa-debe-importar.jpg 1753w\" sizes=\"(max-width: 500px) 100vw, 500px\" \/><\/a><\/p>\n<p>&nbsp;<\/p>\n<p><a href=\"http:\/\/www.madeleinecr.com\/wp-content\/uploads\/2014\/05\/\u00bfCu\u00e1nto-m\u00e1s-vas-a-esperar-para-volver-a-sonreir.jpg\"><img loading=\"lazy\" class=\"alignnone size-large wp-image-432\" src=\"http:\/\/www.madeleinecr.com\/wp-content\/uploads\/2014\/05\/\u00bfCu\u00e1nto-m\u00e1s-vas-a-esperar-para-volver-a-sonreir-1024x723.jpg\" alt=\"\u00bfCu\u00e1nto m\u00e1s vas a esperar para volver a sonreir?\" width=\"500\" height=\"353\" srcset=\"https:\/\/www.madeleinecr.com\/wp-content\/uploads\/2014\/05\/\u00bfCu\u00e1nto-m\u00e1s-vas-a-esperar-para-volver-a-sonreir-1024x723.jpg 1024w, https:\/\/www.madeleinecr.com\/wp-content\/uploads\/2014\/05\/\u00bfCu\u00e1nto-m\u00e1s-vas-a-esperar-para-volver-a-sonreir-300x211.jpg 300w, https:\/\/www.madeleinecr.com\/wp-content\/uploads\/2014\/05\/\u00bfCu\u00e1nto-m\u00e1s-vas-a-esperar-para-volver-a-sonreir-500x353.jpg 500w, https:\/\/www.madeleinecr.com\/wp-content\/uploads\/2014\/05\/\u00bfCu\u00e1nto-m\u00e1s-vas-a-esperar-para-volver-a-sonreir.jpg 1754w\" sizes=\"(max-width: 500px) 100vw, 500px\" \/><\/a><\/p>\n<p>&nbsp;<\/p>\n<p><a href=\"http:\/\/www.madeleinecr.com\/wp-content\/uploads\/2014\/05\/Para-conseguir-evolucionar-debo-despojarme-de-todo-aquello-que-confina-mi-esp\u00edritu.jpg\"><img loading=\"lazy\" class=\"alignnone size-large wp-image-430\" src=\"http:\/\/www.madeleinecr.com\/wp-content\/uploads\/2014\/05\/Para-conseguir-evolucionar-debo-despojarme-de-todo-aquello-que-confina-mi-esp\u00edritu-1024x723.jpg\" alt=\"Para conseguir evolucionar debo despojarme de todo aquello que confina mi esp\u00edritu\" width=\"500\" height=\"353\" srcset=\"https:\/\/www.madeleinecr.com\/wp-content\/uploads\/2014\/05\/Para-conseguir-evolucionar-debo-despojarme-de-todo-aquello-que-confina-mi-esp\u00edritu-1024x723.jpg 1024w, https:\/\/www.madeleinecr.com\/wp-content\/uploads\/2014\/05\/Para-conseguir-evolucionar-debo-despojarme-de-todo-aquello-que-confina-mi-esp\u00edritu-300x211.jpg 300w, https:\/\/www.madeleinecr.com\/wp-content\/uploads\/2014\/05\/Para-conseguir-evolucionar-debo-despojarme-de-todo-aquello-que-confina-mi-esp\u00edritu-500x353.jpg 500w, https:\/\/www.madeleinecr.com\/wp-content\/uploads\/2014\/05\/Para-conseguir-evolucionar-debo-despojarme-de-todo-aquello-que-confina-mi-esp\u00edritu.jpg 1754w\" sizes=\"(max-width: 500px) 100vw, 500px\" \/><\/a><\/p>\n<p>&nbsp;<\/p>\n<p><a href=\"http:\/\/www.madeleinecr.com\/wp-content\/uploads\/2014\/05\/Pase-lo-que-pase-no-te-dej\u00e9s-vencer.jpg\"><img loading=\"lazy\" class=\"alignnone size-large wp-image-427\" src=\"http:\/\/www.madeleinecr.com\/wp-content\/uploads\/2014\/05\/Pase-lo-que-pase-no-te-dej\u00e9s-vencer-1024x723.jpg\" alt=\"Pase lo que pase, no te dej\u00e9s vencer\" width=\"500\" height=\"353\" srcset=\"https:\/\/www.madeleinecr.com\/wp-content\/uploads\/2014\/05\/Pase-lo-que-pase-no-te-dej\u00e9s-vencer-1024x723.jpg 1024w, https:\/\/www.madeleinecr.com\/wp-content\/uploads\/2014\/05\/Pase-lo-que-pase-no-te-dej\u00e9s-vencer-300x211.jpg 300w, https:\/\/www.madeleinecr.com\/wp-content\/uploads\/2014\/05\/Pase-lo-que-pase-no-te-dej\u00e9s-vencer-500x353.jpg 500w, https:\/\/www.madeleinecr.com\/wp-content\/uploads\/2014\/05\/Pase-lo-que-pase-no-te-dej\u00e9s-vencer.jpg 1754w\" sizes=\"(max-width: 500px) 100vw, 500px\" \/><\/a><\/p>\n<p>&nbsp;<\/p>\n<p><a href=\"http:\/\/www.madeleinecr.com\/wp-content\/uploads\/2014\/05\/Llegar\u00e1-el-d\u00eda-de-sentir-que-ya-no-sos-el-mismo-que-tu-esp\u00edritu-se-marchita-y-pasa-luego-por-un-invierno-gris.jpg\"><img loading=\"lazy\" class=\"alignnone size-large wp-image-425\" src=\"http:\/\/www.madeleinecr.com\/wp-content\/uploads\/2014\/05\/Llegar\u00e1-el-d\u00eda-de-sentir-que-ya-no-sos-el-mismo-que-tu-esp\u00edritu-se-marchita-y-pasa-luego-por-un-invierno-gris-1024x723.jpg\" alt=\"Llegar\u00e1 el d\u00eda de sentir que ya no sos el mismo, que tu esp\u00edritu se marchita y pasa luego por un invierno  gris\" width=\"500\" height=\"353\" srcset=\"https:\/\/www.madeleinecr.com\/wp-content\/uploads\/2014\/05\/Llegar\u00e1-el-d\u00eda-de-sentir-que-ya-no-sos-el-mismo-que-tu-esp\u00edritu-se-marchita-y-pasa-luego-por-un-invierno-gris-1024x723.jpg 1024w, https:\/\/www.madeleinecr.com\/wp-content\/uploads\/2014\/05\/Llegar\u00e1-el-d\u00eda-de-sentir-que-ya-no-sos-el-mismo-que-tu-esp\u00edritu-se-marchita-y-pasa-luego-por-un-invierno-gris-300x211.jpg 300w, https:\/\/www.madeleinecr.com\/wp-content\/uploads\/2014\/05\/Llegar\u00e1-el-d\u00eda-de-sentir-que-ya-no-sos-el-mismo-que-tu-esp\u00edritu-se-marchita-y-pasa-luego-por-un-invierno-gris-500x353.jpg 500w, https:\/\/www.madeleinecr.com\/wp-content\/uploads\/2014\/05\/Llegar\u00e1-el-d\u00eda-de-sentir-que-ya-no-sos-el-mismo-que-tu-esp\u00edritu-se-marchita-y-pasa-luego-por-un-invierno-gris.jpg 1754w\" sizes=\"(max-width: 500px) 100vw, 500px\" \/><\/a><\/p>\n<p>&nbsp;<\/p>\n<p><a href=\"http:\/\/www.madeleinecr.com\/wp-content\/uploads\/2014\/05\/Un-crecimiento-limitado-crea-un-impacto-limitado.jpg\"><img loading=\"lazy\" class=\"alignnone size-large wp-image-421\" src=\"http:\/\/www.madeleinecr.com\/wp-content\/uploads\/2014\/05\/Un-crecimiento-limitado-crea-un-impacto-limitado-1024x723.jpg\" alt=\"Un crecimiento limitado crea un impacto limitado\" width=\"500\" height=\"353\" srcset=\"https:\/\/www.madeleinecr.com\/wp-content\/uploads\/2014\/05\/Un-crecimiento-limitado-crea-un-impacto-limitado-1024x723.jpg 1024w, https:\/\/www.madeleinecr.com\/wp-content\/uploads\/2014\/05\/Un-crecimiento-limitado-crea-un-impacto-limitado-300x211.jpg 300w, https:\/\/www.madeleinecr.com\/wp-content\/uploads\/2014\/05\/Un-crecimiento-limitado-crea-un-impacto-limitado-500x353.jpg 500w, https:\/\/www.madeleinecr.com\/wp-content\/uploads\/2014\/05\/Un-crecimiento-limitado-crea-un-impacto-limitado.jpg 1754w\" sizes=\"(max-width: 500px) 100vw, 500px\" \/><\/a><\/p>\n<p>&nbsp;<\/p>\n<p><a href=\"http:\/\/www.madeleinecr.com\/wp-content\/uploads\/2014\/05\/La-belleza-de-la-vida-aparecer\u00e1-en-los-lugares-menos-esperados.jpg\"><img loading=\"lazy\" class=\"alignnone size-large wp-image-419\" src=\"http:\/\/www.madeleinecr.com\/wp-content\/uploads\/2014\/05\/La-belleza-de-la-vida-aparecer\u00e1-en-los-lugares-menos-esperados-1024x723.jpg\" alt=\"La belleza de la vida aparecer\u00e1 en los lugares menos esperados\" width=\"500\" height=\"353\" srcset=\"https:\/\/www.madeleinecr.com\/wp-content\/uploads\/2014\/05\/La-belleza-de-la-vida-aparecer\u00e1-en-los-lugares-menos-esperados-1024x723.jpg 1024w, https:\/\/www.madeleinecr.com\/wp-content\/uploads\/2014\/05\/La-belleza-de-la-vida-aparecer\u00e1-en-los-lugares-menos-esperados-300x211.jpg 300w, https:\/\/www.madeleinecr.com\/wp-content\/uploads\/2014\/05\/La-belleza-de-la-vida-aparecer\u00e1-en-los-lugares-menos-esperados-500x353.jpg 500w, https:\/\/www.madeleinecr.com\/wp-content\/uploads\/2014\/05\/La-belleza-de-la-vida-aparecer\u00e1-en-los-lugares-menos-esperados.jpg 1754w\" sizes=\"(max-width: 500px) 100vw, 500px\" \/><\/a><\/p>\n<p>&nbsp;<\/p>\n<p><a href=\"http:\/\/www.madeleinecr.com\/wp-content\/uploads\/2014\/05\/El-conocimiento-ser\u00e1-tu-mejor-aliado-en-la-conquista-de-tu-esencia-verdadera.jpg\"><img loading=\"lazy\" class=\"alignnone size-large wp-image-417\" src=\"http:\/\/www.madeleinecr.com\/wp-content\/uploads\/2014\/05\/El-conocimiento-ser\u00e1-tu-mejor-aliado-en-la-conquista-de-tu-esencia-verdadera-1024x723.jpg\" alt=\"El conocimiento ser\u00e1 tu mejor aliado en la conquista de tu esencia verdadera\" width=\"500\" height=\"353\" srcset=\"https:\/\/www.madeleinecr.com\/wp-content\/uploads\/2014\/05\/El-conocimiento-ser\u00e1-tu-mejor-aliado-en-la-conquista-de-tu-esencia-verdadera-1024x723.jpg 1024w, https:\/\/www.madeleinecr.com\/wp-content\/uploads\/2014\/05\/El-conocimiento-ser\u00e1-tu-mejor-aliado-en-la-conquista-de-tu-esencia-verdadera-300x211.jpg 300w, https:\/\/www.madeleinecr.com\/wp-content\/uploads\/2014\/05\/El-conocimiento-ser\u00e1-tu-mejor-aliado-en-la-conquista-de-tu-esencia-verdadera-500x353.jpg 500w, https:\/\/www.madeleinecr.com\/wp-content\/uploads\/2014\/05\/El-conocimiento-ser\u00e1-tu-mejor-aliado-en-la-conquista-de-tu-esencia-verdadera.jpg 1754w\" sizes=\"(max-width: 500px) 100vw, 500px\" \/><\/a><\/p>\n<p>&nbsp;<\/p>\n<p><a href=\"http:\/\/www.madeleinecr.com\/wp-content\/uploads\/2014\/05\/Es-tu-obligaci\u00f3n-aprender-a-brillar.jpg\"><img loading=\"lazy\" class=\"alignnone size-large wp-image-413\" src=\"http:\/\/www.madeleinecr.com\/wp-content\/uploads\/2014\/05\/Es-tu-obligaci\u00f3n-aprender-a-brillar-1024x723.jpg\" alt=\"Es tu obligaci\u00f3n aprender a brillar\" width=\"500\" height=\"353\" srcset=\"https:\/\/www.madeleinecr.com\/wp-content\/uploads\/2014\/05\/Es-tu-obligaci\u00f3n-aprender-a-brillar-1024x723.jpg 1024w, https:\/\/www.madeleinecr.com\/wp-content\/uploads\/2014\/05\/Es-tu-obligaci\u00f3n-aprender-a-brillar-300x211.jpg 300w, https:\/\/www.madeleinecr.com\/wp-content\/uploads\/2014\/05\/Es-tu-obligaci\u00f3n-aprender-a-brillar-500x353.jpg 500w, https:\/\/www.madeleinecr.com\/wp-content\/uploads\/2014\/05\/Es-tu-obligaci\u00f3n-aprender-a-brillar.jpg 1754w\" sizes=\"(max-width: 500px) 100vw, 500px\" \/><\/a><\/p>\n<p>&nbsp;<\/p>\n<p><a href=\"http:\/\/www.madeleinecr.com\/wp-content\/uploads\/2014\/05\/El-\u00e9xito-es-el-resultado-del-constante-trabajo-esfuerzo-y-sacrificio-por-lograr-un-sue\u00f1o.jpg\"><img loading=\"lazy\" class=\"alignnone size-large wp-image-410\" src=\"http:\/\/www.madeleinecr.com\/wp-content\/uploads\/2014\/05\/El-\u00e9xito-es-el-resultado-del-constante-trabajo-esfuerzo-y-sacrificio-por-lograr-un-sue\u00f1o-1024x723.jpg\" alt=\"El \u00e9xito es el resultado del constante trabajo, esfuerzo y sacrificio por lograr un sue\u00f1o\" width=\"500\" height=\"353\" srcset=\"https:\/\/www.madeleinecr.com\/wp-content\/uploads\/2014\/05\/El-\u00e9xito-es-el-resultado-del-constante-trabajo-esfuerzo-y-sacrificio-por-lograr-un-sue\u00f1o-1024x723.jpg 1024w, https:\/\/www.madeleinecr.com\/wp-content\/uploads\/2014\/05\/El-\u00e9xito-es-el-resultado-del-constante-trabajo-esfuerzo-y-sacrificio-por-lograr-un-sue\u00f1o-300x211.jpg 300w, https:\/\/www.madeleinecr.com\/wp-content\/uploads\/2014\/05\/El-\u00e9xito-es-el-resultado-del-constante-trabajo-esfuerzo-y-sacrificio-por-lograr-un-sue\u00f1o-500x353.jpg 500w, https:\/\/www.madeleinecr.com\/wp-content\/uploads\/2014\/05\/El-\u00e9xito-es-el-resultado-del-constante-trabajo-esfuerzo-y-sacrificio-por-lograr-un-sue\u00f1o.jpg 1754w\" sizes=\"(max-width: 500px) 100vw, 500px\" \/><\/a><\/p>\n<p>&nbsp;<\/p>\n<p><a href=\"http:\/\/www.madeleinecr.com\/wp-content\/uploads\/2014\/05\/Porqu\u00e9-ver-el-mundo-desde-nuestras-limitaciones-carencias-y-fracasos.jpg\"><img loading=\"lazy\" class=\"alignnone size-large wp-image-408\" src=\"http:\/\/www.madeleinecr.com\/wp-content\/uploads\/2014\/05\/Porqu\u00e9-ver-el-mundo-desde-nuestras-limitaciones-carencias-y-fracasos-1024x723.jpg\" alt=\"Porqu\u00e9 ver el mundo desde  nuestras limitaciones, carencias y fracasos\" width=\"500\" height=\"353\" srcset=\"https:\/\/www.madeleinecr.com\/wp-content\/uploads\/2014\/05\/Porqu\u00e9-ver-el-mundo-desde-nuestras-limitaciones-carencias-y-fracasos-1024x723.jpg 1024w, https:\/\/www.madeleinecr.com\/wp-content\/uploads\/2014\/05\/Porqu\u00e9-ver-el-mundo-desde-nuestras-limitaciones-carencias-y-fracasos-300x211.jpg 300w, https:\/\/www.madeleinecr.com\/wp-content\/uploads\/2014\/05\/Porqu\u00e9-ver-el-mundo-desde-nuestras-limitaciones-carencias-y-fracasos-500x353.jpg 500w, https:\/\/www.madeleinecr.com\/wp-content\/uploads\/2014\/05\/Porqu\u00e9-ver-el-mundo-desde-nuestras-limitaciones-carencias-y-fracasos.jpg 1754w\" sizes=\"(max-width: 500px) 100vw, 500px\" \/><\/a><\/p>\n<p>&nbsp;<\/p>\n<p><a href=\"http:\/\/www.madeleinecr.com\/wp-content\/uploads\/2014\/05\/La-adversidad-llenar\u00e1-tu-vida-de-grandes-retos-con-la-\u00fanica-finalidad-de-convertirte-en-un-intr\u00e9pido-guerrero-y-ense\u00f1arte-a-brillar.jpg\"><img loading=\"lazy\" class=\"alignnone size-large wp-image-403\" src=\"http:\/\/www.madeleinecr.com\/wp-content\/uploads\/2014\/05\/La-adversidad-llenar\u00e1-tu-vida-de-grandes-retos-con-la-\u00fanica-finalidad-de-convertirte-en-un-intr\u00e9pido-guerrero-y-ense\u00f1arte-a-brillar-1024x723.jpg\" alt=\"La adversidad llenar\u00e1 tu vida de grandes retos con la \u00fanica finalidad  de convertirte  en un intr\u00e9pido  guerrero  y  ense\u00f1arte  a brillar\" width=\"500\" height=\"353\" srcset=\"https:\/\/www.madeleinecr.com\/wp-content\/uploads\/2014\/05\/La-adversidad-llenar\u00e1-tu-vida-de-grandes-retos-con-la-\u00fanica-finalidad-de-convertirte-en-un-intr\u00e9pido-guerrero-y-ense\u00f1arte-a-brillar-1024x723.jpg 1024w, https:\/\/www.madeleinecr.com\/wp-content\/uploads\/2014\/05\/La-adversidad-llenar\u00e1-tu-vida-de-grandes-retos-con-la-\u00fanica-finalidad-de-convertirte-en-un-intr\u00e9pido-guerrero-y-ense\u00f1arte-a-brillar-300x211.jpg 300w, https:\/\/www.madeleinecr.com\/wp-content\/uploads\/2014\/05\/La-adversidad-llenar\u00e1-tu-vida-de-grandes-retos-con-la-\u00fanica-finalidad-de-convertirte-en-un-intr\u00e9pido-guerrero-y-ense\u00f1arte-a-brillar-500x353.jpg 500w, https:\/\/www.madeleinecr.com\/wp-content\/uploads\/2014\/05\/La-adversidad-llenar\u00e1-tu-vida-de-grandes-retos-con-la-\u00fanica-finalidad-de-convertirte-en-un-intr\u00e9pido-guerrero-y-ense\u00f1arte-a-brillar.jpg 1754w\" sizes=\"(max-width: 500px) 100vw, 500px\" \/><\/a><\/p>\n<p>&nbsp;<\/p>\n<p><a href=\"http:\/\/www.madeleinecr.com\/wp-content\/uploads\/2014\/05\/Seguramente-mi-ausencia-f\u00edsica-te-cause-aflicci\u00f3n-pero-yo-sigo-aqu\u00ed.jpg\"><img loading=\"lazy\" class=\"alignnone size-medium wp-image-401\" src=\"http:\/\/www.madeleinecr.com\/wp-content\/uploads\/2014\/05\/Seguramente-mi-ausencia-f\u00edsica-te-cause-aflicci\u00f3n-pero-yo-sigo-aqu\u00ed-300x211.jpg\" alt=\"Seguramente mi ausencia f\u00edsica te  cause aflicci\u00f3n pero yo sigo aqu\u00ed\" width=\"300\" height=\"211\" srcset=\"https:\/\/www.madeleinecr.com\/wp-content\/uploads\/2014\/05\/Seguramente-mi-ausencia-f\u00edsica-te-cause-aflicci\u00f3n-pero-yo-sigo-aqu\u00ed-300x211.jpg 300w, https:\/\/www.madeleinecr.com\/wp-content\/uploads\/2014\/05\/Seguramente-mi-ausencia-f\u00edsica-te-cause-aflicci\u00f3n-pero-yo-sigo-aqu\u00ed-1024x723.jpg 1024w, https:\/\/www.madeleinecr.com\/wp-content\/uploads\/2014\/05\/Seguramente-mi-ausencia-f\u00edsica-te-cause-aflicci\u00f3n-pero-yo-sigo-aqu\u00ed-500x353.jpg 500w, https:\/\/www.madeleinecr.com\/wp-content\/uploads\/2014\/05\/Seguramente-mi-ausencia-f\u00edsica-te-cause-aflicci\u00f3n-pero-yo-sigo-aqu\u00ed.jpg 1754w\" sizes=\"(max-width: 300px) 100vw, 300px\" \/><\/a><\/p>\n<p>&nbsp;<\/p>\n<p><a href=\"http:\/\/www.madeleinecr.com\/wp-content\/uploads\/2014\/05\/A-veces-es-preciso-sumirse-en-absoluta-oscuridad-para-poder-apreciar-de-d\u00f3nde-viene-la-luz.jpg\"><img loading=\"lazy\" class=\"alignnone size-medium wp-image-397\" src=\"http:\/\/www.madeleinecr.com\/wp-content\/uploads\/2014\/05\/A-veces-es-preciso-sumirse-en-absoluta-oscuridad-para-poder-apreciar-de-d\u00f3nde-viene-la-luz-212x300.jpg\" alt=\"A veces es preciso sumirse en absoluta oscuridad para poder apreciar de d\u00f3nde viene la luz\" width=\"212\" height=\"300\" srcset=\"https:\/\/www.madeleinecr.com\/wp-content\/uploads\/2014\/05\/A-veces-es-preciso-sumirse-en-absoluta-oscuridad-para-poder-apreciar-de-d\u00f3nde-viene-la-luz-212x300.jpg 212w, https:\/\/www.madeleinecr.com\/wp-content\/uploads\/2014\/05\/A-veces-es-preciso-sumirse-en-absoluta-oscuridad-para-poder-apreciar-de-d\u00f3nde-viene-la-luz-724x1024.jpg 724w, https:\/\/www.madeleinecr.com\/wp-content\/uploads\/2014\/05\/A-veces-es-preciso-sumirse-en-absoluta-oscuridad-para-poder-apreciar-de-d\u00f3nde-viene-la-luz-500x706.jpg 500w, https:\/\/www.madeleinecr.com\/wp-content\/uploads\/2014\/05\/A-veces-es-preciso-sumirse-en-absoluta-oscuridad-para-poder-apreciar-de-d\u00f3nde-viene-la-luz.jpg 1240w\" sizes=\"(max-width: 212px) 100vw, 212px\" \/><\/a><\/p>\n<p>&nbsp;<\/p>\n<p><a href=\"http:\/\/www.madeleinecr.com\/wp-content\/uploads\/2014\/05\/Si-logr\u00e1s-que-la-melod\u00eda-de-tu-vida-sea-\u00fanica-original-y-poderosa.jpg\"><img loading=\"lazy\" class=\"alignnone size-large wp-image-395\" src=\"http:\/\/www.madeleinecr.com\/wp-content\/uploads\/2014\/05\/Si-logr\u00e1s-que-la-melod\u00eda-de-tu-vida-sea-\u00fanica-original-y-poderosa-1024x554.jpg\" alt=\"Si logr\u00e1s que la melod\u00eda de tu vida sea \u00fanica, original y poderosa\" width=\"500\" height=\"270\" srcset=\"https:\/\/www.madeleinecr.com\/wp-content\/uploads\/2014\/05\/Si-logr\u00e1s-que-la-melod\u00eda-de-tu-vida-sea-\u00fanica-original-y-poderosa-1024x554.jpg 1024w, https:\/\/www.madeleinecr.com\/wp-content\/uploads\/2014\/05\/Si-logr\u00e1s-que-la-melod\u00eda-de-tu-vida-sea-\u00fanica-original-y-poderosa-300x162.jpg 300w, https:\/\/www.madeleinecr.com\/wp-content\/uploads\/2014\/05\/Si-logr\u00e1s-que-la-melod\u00eda-de-tu-vida-sea-\u00fanica-original-y-poderosa-500x270.jpg 500w, https:\/\/www.madeleinecr.com\/wp-content\/uploads\/2014\/05\/Si-logr\u00e1s-que-la-melod\u00eda-de-tu-vida-sea-\u00fanica-original-y-poderosa.jpg 1742w\" sizes=\"(max-width: 500px) 100vw, 500px\" \/><\/a><\/p>\n<p>&nbsp;<\/p>\n<p><a href=\"http:\/\/www.madeleinecr.com\/wp-content\/uploads\/2014\/05\/Una-mujer-maravillosa.jpg\"><img loading=\"lazy\" class=\"alignnone size-large wp-image-393\" src=\"http:\/\/www.madeleinecr.com\/wp-content\/uploads\/2014\/05\/Una-mujer-maravillosa-1024x724.jpg\" alt=\"Una mujer maravillosa\" width=\"500\" height=\"353\" srcset=\"https:\/\/www.madeleinecr.com\/wp-content\/uploads\/2014\/05\/Una-mujer-maravillosa-1024x724.jpg 1024w, https:\/\/www.madeleinecr.com\/wp-content\/uploads\/2014\/05\/Una-mujer-maravillosa-300x212.jpg 300w, https:\/\/www.madeleinecr.com\/wp-content\/uploads\/2014\/05\/Una-mujer-maravillosa-500x353.jpg 500w, https:\/\/www.madeleinecr.com\/wp-content\/uploads\/2014\/05\/Una-mujer-maravillosa.jpg 1753w\" sizes=\"(max-width: 500px) 100vw, 500px\" \/><\/a><\/p>\n<p>&nbsp;<\/p>\n<p><a href=\"http:\/\/www.madeleinecr.com\/wp-content\/uploads\/2014\/05\/La-aut\u00e9ntica-belleza-no-se-encuentra-en-los-atributos-f\u00edsicos-que-desaparecer\u00e1n-con-el-tiempo.jpg\"><img loading=\"lazy\" class=\"alignnone size-large wp-image-390\" src=\"http:\/\/www.madeleinecr.com\/wp-content\/uploads\/2014\/05\/La-aut\u00e9ntica-belleza-no-se-encuentra-en-los-atributos-f\u00edsicos-que-desaparecer\u00e1n-con-el-tiempo-1024x791.jpg\" alt=\"La aut\u00e9ntica belleza  no se encuentra en los atributos f\u00edsicos que desaparecer\u00e1n con el tiempo\" width=\"500\" height=\"386\" srcset=\"https:\/\/www.madeleinecr.com\/wp-content\/uploads\/2014\/05\/La-aut\u00e9ntica-belleza-no-se-encuentra-en-los-atributos-f\u00edsicos-que-desaparecer\u00e1n-con-el-tiempo-1024x791.jpg 1024w, https:\/\/www.madeleinecr.com\/wp-content\/uploads\/2014\/05\/La-aut\u00e9ntica-belleza-no-se-encuentra-en-los-atributos-f\u00edsicos-que-desaparecer\u00e1n-con-el-tiempo-300x231.jpg 300w, https:\/\/www.madeleinecr.com\/wp-content\/uploads\/2014\/05\/La-aut\u00e9ntica-belleza-no-se-encuentra-en-los-atributos-f\u00edsicos-que-desaparecer\u00e1n-con-el-tiempo-500x386.jpg 500w, https:\/\/www.madeleinecr.com\/wp-content\/uploads\/2014\/05\/La-aut\u00e9ntica-belleza-no-se-encuentra-en-los-atributos-f\u00edsicos-que-desaparecer\u00e1n-con-el-tiempo.jpg 1650w\" sizes=\"(max-width: 500px) 100vw, 500px\" \/><\/a><\/p>\n<p>&nbsp;<\/p>\n<p><a href=\"http:\/\/www.madeleinecr.com\/wp-content\/uploads\/2014\/05\/El-miedo-puede-paralizar-a-un-ser-humano.jpg\"><img loading=\"lazy\" class=\"alignnone size-large wp-image-386\" src=\"http:\/\/www.madeleinecr.com\/wp-content\/uploads\/2014\/05\/El-miedo-puede-paralizar-a-un-ser-humano-1024x723.jpg\" alt=\"El miedo puede paralizar a un ser humano\" width=\"500\" height=\"353\" srcset=\"https:\/\/www.madeleinecr.com\/wp-content\/uploads\/2014\/05\/El-miedo-puede-paralizar-a-un-ser-humano-1024x723.jpg 1024w, https:\/\/www.madeleinecr.com\/wp-content\/uploads\/2014\/05\/El-miedo-puede-paralizar-a-un-ser-humano-300x211.jpg 300w, https:\/\/www.madeleinecr.com\/wp-content\/uploads\/2014\/05\/El-miedo-puede-paralizar-a-un-ser-humano-500x353.jpg 500w, https:\/\/www.madeleinecr.com\/wp-content\/uploads\/2014\/05\/El-miedo-puede-paralizar-a-un-ser-humano.jpg 1754w\" sizes=\"(max-width: 500px) 100vw, 500px\" \/><\/a><\/p>\n<p>&nbsp;<\/p>\n<p><a href=\"http:\/\/www.madeleinecr.com\/wp-content\/uploads\/2014\/05\/Invert\u00ed-tiempo-de-calidad-en-la-relaci\u00f3n-con-vos-mismo.jpg\"><img loading=\"lazy\" class=\"alignnone size-large wp-image-384\" src=\"http:\/\/www.madeleinecr.com\/wp-content\/uploads\/2014\/05\/Invert\u00ed-tiempo-de-calidad-en-la-relaci\u00f3n-con-vos-mismo-791x1024.jpg\" alt=\"Invert\u00ed tiempo de calidad en la relaci\u00f3n con vos mismo\" width=\"500\" height=\"647\" srcset=\"https:\/\/www.madeleinecr.com\/wp-content\/uploads\/2014\/05\/Invert\u00ed-tiempo-de-calidad-en-la-relaci\u00f3n-con-vos-mismo-791x1024.jpg 791w, https:\/\/www.madeleinecr.com\/wp-content\/uploads\/2014\/05\/Invert\u00ed-tiempo-de-calidad-en-la-relaci\u00f3n-con-vos-mismo-231x300.jpg 231w, https:\/\/www.madeleinecr.com\/wp-content\/uploads\/2014\/05\/Invert\u00ed-tiempo-de-calidad-en-la-relaci\u00f3n-con-vos-mismo-500x647.jpg 500w, https:\/\/www.madeleinecr.com\/wp-content\/uploads\/2014\/05\/Invert\u00ed-tiempo-de-calidad-en-la-relaci\u00f3n-con-vos-mismo.jpg 1275w\" sizes=\"(max-width: 500px) 100vw, 500px\" \/><\/a><\/p>\n<p>&nbsp;<\/p>\n<p><a href=\"http:\/\/www.madeleinecr.com\/wp-content\/uploads\/2014\/05\/Qu\u00e9-ser\u00eda-de-la-vida-sin-problemas-que-resolver-pruebas-que-superar-o-miedos-que-conquistar.jpg\"><img loading=\"lazy\" class=\"alignnone size-large wp-image-382\" src=\"http:\/\/www.madeleinecr.com\/wp-content\/uploads\/2014\/05\/Qu\u00e9-ser\u00eda-de-la-vida-sin-problemas-que-resolver-pruebas-que-superar-o-miedos-que-conquistar-1024x723.jpg\" alt=\"Qu\u00e9 ser\u00eda de la vida sin problemas que resolver, pruebas que superar o miedos que conquistar\" width=\"500\" height=\"353\" srcset=\"https:\/\/www.madeleinecr.com\/wp-content\/uploads\/2014\/05\/Qu\u00e9-ser\u00eda-de-la-vida-sin-problemas-que-resolver-pruebas-que-superar-o-miedos-que-conquistar-1024x723.jpg 1024w, https:\/\/www.madeleinecr.com\/wp-content\/uploads\/2014\/05\/Qu\u00e9-ser\u00eda-de-la-vida-sin-problemas-que-resolver-pruebas-que-superar-o-miedos-que-conquistar-300x211.jpg 300w, https:\/\/www.madeleinecr.com\/wp-content\/uploads\/2014\/05\/Qu\u00e9-ser\u00eda-de-la-vida-sin-problemas-que-resolver-pruebas-que-superar-o-miedos-que-conquistar-500x353.jpg 500w, https:\/\/www.madeleinecr.com\/wp-content\/uploads\/2014\/05\/Qu\u00e9-ser\u00eda-de-la-vida-sin-problemas-que-resolver-pruebas-que-superar-o-miedos-que-conquistar.jpg 1754w\" sizes=\"(max-width: 500px) 100vw, 500px\" \/><\/a><\/p>\n<p>&nbsp;<\/p>\n<p><a href=\"http:\/\/www.madeleinecr.com\/wp-content\/uploads\/2014\/05\/Aprend\u00e9-a-levantarte-despu\u00e9s-de-cada-ca\u00edda-pues-tu-grandeza-radica-en-nunca-darte-por-vencido.jpg\"><img loading=\"lazy\" class=\"alignnone size-large wp-image-380\" src=\"http:\/\/www.madeleinecr.com\/wp-content\/uploads\/2014\/05\/Aprend\u00e9-a-levantarte-despu\u00e9s-de-cada-ca\u00edda-pues-tu-grandeza-radica-en-nunca-darte-por-vencido-1024x723.jpg\" alt=\"Aprend\u00e9 a levantarte despu\u00e9s de cada ca\u00edda, pues tu grandeza radica en nunca darte por vencido\" width=\"500\" height=\"353\" srcset=\"https:\/\/www.madeleinecr.com\/wp-content\/uploads\/2014\/05\/Aprend\u00e9-a-levantarte-despu\u00e9s-de-cada-ca\u00edda-pues-tu-grandeza-radica-en-nunca-darte-por-vencido-1024x723.jpg 1024w, https:\/\/www.madeleinecr.com\/wp-content\/uploads\/2014\/05\/Aprend\u00e9-a-levantarte-despu\u00e9s-de-cada-ca\u00edda-pues-tu-grandeza-radica-en-nunca-darte-por-vencido-300x211.jpg 300w, https:\/\/www.madeleinecr.com\/wp-content\/uploads\/2014\/05\/Aprend\u00e9-a-levantarte-despu\u00e9s-de-cada-ca\u00edda-pues-tu-grandeza-radica-en-nunca-darte-por-vencido-500x353.jpg 500w, https:\/\/www.madeleinecr.com\/wp-content\/uploads\/2014\/05\/Aprend\u00e9-a-levantarte-despu\u00e9s-de-cada-ca\u00edda-pues-tu-grandeza-radica-en-nunca-darte-por-vencido.jpg 1754w\" sizes=\"(max-width: 500px) 100vw, 500px\" \/><\/a><\/p>\n<p>&nbsp;<\/p>\n<p><a href=\"http:\/\/www.madeleinecr.com\/wp-content\/uploads\/2014\/05\/Si-en-tu-vida-ya-has-encontrado-todas-las-respuestas-ha-llegado-el-momento-de-cambiar-todas-las-preguntas.jpg\"><img loading=\"lazy\" class=\"alignnone size-large wp-image-377\" src=\"http:\/\/www.madeleinecr.com\/wp-content\/uploads\/2014\/05\/Si-en-tu-vida-ya-has-encontrado-todas-las-respuestas-ha-llegado-el-momento-de-cambiar-todas-las-preguntas-1024x723.jpg\" alt=\"Si en tu vida ya has encontrado todas las respuestas, ha llegado el momento de cambiar todas las preguntas\" width=\"500\" height=\"353\" srcset=\"https:\/\/www.madeleinecr.com\/wp-content\/uploads\/2014\/05\/Si-en-tu-vida-ya-has-encontrado-todas-las-respuestas-ha-llegado-el-momento-de-cambiar-todas-las-preguntas-1024x723.jpg 1024w, https:\/\/www.madeleinecr.com\/wp-content\/uploads\/2014\/05\/Si-en-tu-vida-ya-has-encontrado-todas-las-respuestas-ha-llegado-el-momento-de-cambiar-todas-las-preguntas-300x211.jpg 300w, https:\/\/www.madeleinecr.com\/wp-content\/uploads\/2014\/05\/Si-en-tu-vida-ya-has-encontrado-todas-las-respuestas-ha-llegado-el-momento-de-cambiar-todas-las-preguntas-500x353.jpg 500w, https:\/\/www.madeleinecr.com\/wp-content\/uploads\/2014\/05\/Si-en-tu-vida-ya-has-encontrado-todas-las-respuestas-ha-llegado-el-momento-de-cambiar-todas-las-preguntas.jpg 1754w\" sizes=\"(max-width: 500px) 100vw, 500px\" \/><\/a><\/p>\n<p>&nbsp;<\/p>\n<p><a href=\"http:\/\/www.madeleinecr.com\/wp-content\/uploads\/2014\/05\/La-perseverancia-te-revelar\u00e1-la-soluci\u00f3n.jpg\"><img loading=\"lazy\" class=\"alignnone size-large wp-image-374\" src=\"http:\/\/www.madeleinecr.com\/wp-content\/uploads\/2014\/05\/La-perseverancia-te-revelar\u00e1-la-soluci\u00f3n-1024x723.jpg\" alt=\"La perseverancia te revelar\u00e1 la soluci\u00f3n\" width=\"500\" height=\"353\" srcset=\"https:\/\/www.madeleinecr.com\/wp-content\/uploads\/2014\/05\/La-perseverancia-te-revelar\u00e1-la-soluci\u00f3n-1024x723.jpg 1024w, https:\/\/www.madeleinecr.com\/wp-content\/uploads\/2014\/05\/La-perseverancia-te-revelar\u00e1-la-soluci\u00f3n-300x211.jpg 300w, https:\/\/www.madeleinecr.com\/wp-content\/uploads\/2014\/05\/La-perseverancia-te-revelar\u00e1-la-soluci\u00f3n-500x353.jpg 500w, https:\/\/www.madeleinecr.com\/wp-content\/uploads\/2014\/05\/La-perseverancia-te-revelar\u00e1-la-soluci\u00f3n.jpg 1754w\" sizes=\"(max-width: 500px) 100vw, 500px\" \/><\/a><\/p>\n<p>&nbsp;<\/p>\n<p><a href=\"http:\/\/www.madeleinecr.com\/wp-content\/uploads\/2014\/05\/Para-encontrar-la-puerta-al-\u00e9xito-es-necesario-primero-perder-el-miedo-a-fracasr.jpg\"><img loading=\"lazy\" class=\"alignnone size-large wp-image-369\" src=\"http:\/\/www.madeleinecr.com\/wp-content\/uploads\/2014\/05\/Para-encontrar-la-puerta-al-\u00e9xito-es-necesario-primero-perder-el-miedo-a-fracasr-1024x723.jpg\" alt=\"Para encontrar la puerta al \u00e9xito, es necesario primero perder el miedo a fracasr\" width=\"500\" height=\"353\" srcset=\"https:\/\/www.madeleinecr.com\/wp-content\/uploads\/2014\/05\/Para-encontrar-la-puerta-al-\u00e9xito-es-necesario-primero-perder-el-miedo-a-fracasr-1024x723.jpg 1024w, https:\/\/www.madeleinecr.com\/wp-content\/uploads\/2014\/05\/Para-encontrar-la-puerta-al-\u00e9xito-es-necesario-primero-perder-el-miedo-a-fracasr-300x211.jpg 300w, https:\/\/www.madeleinecr.com\/wp-content\/uploads\/2014\/05\/Para-encontrar-la-puerta-al-\u00e9xito-es-necesario-primero-perder-el-miedo-a-fracasr-500x353.jpg 500w, https:\/\/www.madeleinecr.com\/wp-content\/uploads\/2014\/05\/Para-encontrar-la-puerta-al-\u00e9xito-es-necesario-primero-perder-el-miedo-a-fracasr.jpg 1754w\" sizes=\"(max-width: 500px) 100vw, 500px\" \/><\/a><\/p>\n<p>&nbsp;<\/p>\n<p><a href=\"http:\/\/www.madeleinecr.com\/wp-content\/uploads\/2014\/05\/Es-de-sabios-caminar-en-la-vida-con-la-mirada-fija-en-el-objetivo.jpg\"><img loading=\"lazy\" class=\"alignnone size-large wp-image-367\" src=\"http:\/\/www.madeleinecr.com\/wp-content\/uploads\/2014\/05\/Es-de-sabios-caminar-en-la-vida-con-la-mirada-fija-en-el-objetivo-1024x723.jpg\" alt=\"Es de sabios caminar en la vida con la mirada fija en el objetivo\" width=\"500\" height=\"353\" srcset=\"https:\/\/www.madeleinecr.com\/wp-content\/uploads\/2014\/05\/Es-de-sabios-caminar-en-la-vida-con-la-mirada-fija-en-el-objetivo-1024x723.jpg 1024w, https:\/\/www.madeleinecr.com\/wp-content\/uploads\/2014\/05\/Es-de-sabios-caminar-en-la-vida-con-la-mirada-fija-en-el-objetivo-300x211.jpg 300w, https:\/\/www.madeleinecr.com\/wp-content\/uploads\/2014\/05\/Es-de-sabios-caminar-en-la-vida-con-la-mirada-fija-en-el-objetivo-500x353.jpg 500w, https:\/\/www.madeleinecr.com\/wp-content\/uploads\/2014\/05\/Es-de-sabios-caminar-en-la-vida-con-la-mirada-fija-en-el-objetivo.jpg 1754w\" sizes=\"(max-width: 500px) 100vw, 500px\" \/><\/a><\/p>\n<p>&nbsp;<\/p>\n<p><a href=\"http:\/\/www.madeleinecr.com\/wp-content\/uploads\/2014\/05\/La-muerte-podr\u00e1-empe\u00f1arse-en-separarnos.jpg\"><img loading=\"lazy\" class=\"alignnone size-large wp-image-364\" src=\"http:\/\/www.madeleinecr.com\/wp-content\/uploads\/2014\/05\/La-muerte-podr\u00e1-empe\u00f1arse-en-separarnos-1024x723.jpg\" alt=\"La muerte podr\u00e1 empe\u00f1arse en separarnos\" width=\"500\" height=\"353\" srcset=\"https:\/\/www.madeleinecr.com\/wp-content\/uploads\/2014\/05\/La-muerte-podr\u00e1-empe\u00f1arse-en-separarnos-1024x723.jpg 1024w, https:\/\/www.madeleinecr.com\/wp-content\/uploads\/2014\/05\/La-muerte-podr\u00e1-empe\u00f1arse-en-separarnos-300x211.jpg 300w, https:\/\/www.madeleinecr.com\/wp-content\/uploads\/2014\/05\/La-muerte-podr\u00e1-empe\u00f1arse-en-separarnos-500x353.jpg 500w, https:\/\/www.madeleinecr.com\/wp-content\/uploads\/2014\/05\/La-muerte-podr\u00e1-empe\u00f1arse-en-separarnos.jpg 1754w\" sizes=\"(max-width: 500px) 100vw, 500px\" \/><\/a><\/p>\n<p>&nbsp;<\/p>\n<p><a href=\"http:\/\/www.madeleinecr.com\/wp-content\/uploads\/2014\/05\/Cada-\u201cno\u201d-encierra-en-s\u00ed-mismo-un-sin-fin-de-nuevas-oportunidades..jpg\"><img loading=\"lazy\" class=\"alignnone size-large wp-image-361\" src=\"http:\/\/www.madeleinecr.com\/wp-content\/uploads\/2014\/05\/Cada-\u201cno\u201d-encierra-en-s\u00ed-mismo-un-sin-fin-de-nuevas-oportunidades.-1024x723.jpg\" alt=\"Cada \u201cno\u201d encierra en s\u00ed mismo un sin fin de nuevas  oportunidades.\" width=\"500\" height=\"353\" srcset=\"https:\/\/www.madeleinecr.com\/wp-content\/uploads\/2014\/05\/Cada-\u201cno\u201d-encierra-en-s\u00ed-mismo-un-sin-fin-de-nuevas-oportunidades.-1024x723.jpg 1024w, https:\/\/www.madeleinecr.com\/wp-content\/uploads\/2014\/05\/Cada-\u201cno\u201d-encierra-en-s\u00ed-mismo-un-sin-fin-de-nuevas-oportunidades.-300x211.jpg 300w, https:\/\/www.madeleinecr.com\/wp-content\/uploads\/2014\/05\/Cada-\u201cno\u201d-encierra-en-s\u00ed-mismo-un-sin-fin-de-nuevas-oportunidades.-500x353.jpg 500w, https:\/\/www.madeleinecr.com\/wp-content\/uploads\/2014\/05\/Cada-\u201cno\u201d-encierra-en-s\u00ed-mismo-un-sin-fin-de-nuevas-oportunidades..jpg 1754w\" sizes=\"(max-width: 500px) 100vw, 500px\" \/><\/a><\/p>\n<p>&nbsp;<\/p>\n<p><a href=\"http:\/\/www.madeleinecr.com\/wp-content\/uploads\/2014\/05\/He-tenido-la-dicha-de-amar-al-.jpg\"><img loading=\"lazy\" class=\"alignnone size-large wp-image-334\" src=\"http:\/\/www.madeleinecr.com\/wp-content\/uploads\/2014\/05\/He-tenido-la-dicha-de-amar-al--1024x723.jpg\" alt=\"He tenido la dicha de amar al\" width=\"500\" height=\"353\" srcset=\"https:\/\/www.madeleinecr.com\/wp-content\/uploads\/2014\/05\/He-tenido-la-dicha-de-amar-al--1024x723.jpg 1024w, https:\/\/www.madeleinecr.com\/wp-content\/uploads\/2014\/05\/He-tenido-la-dicha-de-amar-al--300x211.jpg 300w, https:\/\/www.madeleinecr.com\/wp-content\/uploads\/2014\/05\/He-tenido-la-dicha-de-amar-al--500x353.jpg 500w, https:\/\/www.madeleinecr.com\/wp-content\/uploads\/2014\/05\/He-tenido-la-dicha-de-amar-al-.jpg 1754w\" sizes=\"(max-width: 500px) 100vw, 500px\" \/><\/a><\/p>\n<p>&nbsp;<\/p>\n<p><a href=\"http:\/\/www.madeleinecr.com\/wp-content\/uploads\/2014\/05\/El-valor-de-la-vida-no-se-anida-en-lo-material.jpg\"><img loading=\"lazy\" class=\"alignnone size-large wp-image-358\" src=\"http:\/\/www.madeleinecr.com\/wp-content\/uploads\/2014\/05\/El-valor-de-la-vida-no-se-anida-en-lo-material-1024x723.jpg\" alt=\"El valor de la vida no se anida en lo material\" width=\"500\" height=\"353\" srcset=\"https:\/\/www.madeleinecr.com\/wp-content\/uploads\/2014\/05\/El-valor-de-la-vida-no-se-anida-en-lo-material-1024x723.jpg 1024w, https:\/\/www.madeleinecr.com\/wp-content\/uploads\/2014\/05\/El-valor-de-la-vida-no-se-anida-en-lo-material-300x211.jpg 300w, https:\/\/www.madeleinecr.com\/wp-content\/uploads\/2014\/05\/El-valor-de-la-vida-no-se-anida-en-lo-material-500x353.jpg 500w, https:\/\/www.madeleinecr.com\/wp-content\/uploads\/2014\/05\/El-valor-de-la-vida-no-se-anida-en-lo-material.jpg 1754w\" sizes=\"(max-width: 500px) 100vw, 500px\" \/><\/a><\/p>\n<p>&nbsp;<\/p>\n<p><a href=\"http:\/\/www.madeleinecr.com\/wp-content\/uploads\/2014\/05\/Si-das-a-la-vida-lo-mejor-de-vos-encontrar\u00e1s-un-regalo-en-cada-rinc\u00f3n.jpg\"><img loading=\"lazy\" class=\"alignnone size-large wp-image-356\" src=\"http:\/\/www.madeleinecr.com\/wp-content\/uploads\/2014\/05\/Si-das-a-la-vida-lo-mejor-de-vos-encontrar\u00e1s-un-regalo-en-cada-rinc\u00f3n-1024x723.jpg\" alt=\"Si das a la vida lo mejor de vos encontrar\u00e1s un regalo en cada rinc\u00f3n\" width=\"500\" height=\"353\" srcset=\"https:\/\/www.madeleinecr.com\/wp-content\/uploads\/2014\/05\/Si-das-a-la-vida-lo-mejor-de-vos-encontrar\u00e1s-un-regalo-en-cada-rinc\u00f3n-1024x723.jpg 1024w, https:\/\/www.madeleinecr.com\/wp-content\/uploads\/2014\/05\/Si-das-a-la-vida-lo-mejor-de-vos-encontrar\u00e1s-un-regalo-en-cada-rinc\u00f3n-300x211.jpg 300w, https:\/\/www.madeleinecr.com\/wp-content\/uploads\/2014\/05\/Si-das-a-la-vida-lo-mejor-de-vos-encontrar\u00e1s-un-regalo-en-cada-rinc\u00f3n-500x353.jpg 500w, https:\/\/www.madeleinecr.com\/wp-content\/uploads\/2014\/05\/Si-das-a-la-vida-lo-mejor-de-vos-encontrar\u00e1s-un-regalo-en-cada-rinc\u00f3n.jpg 1754w\" sizes=\"(max-width: 500px) 100vw, 500px\" \/><\/a><\/p>\n<p>&nbsp;<\/p>\n<p><a href=\"http:\/\/www.madeleinecr.com\/wp-content\/uploads\/2014\/05\/Trat\u00e1-con-todas-tus-fuerzas-de-mantenerte-firme-durante-la-tormenta.jpg\"><img loading=\"lazy\" class=\"alignnone size-large wp-image-353\" src=\"http:\/\/www.madeleinecr.com\/wp-content\/uploads\/2014\/05\/Trat\u00e1-con-todas-tus-fuerzas-de-mantenerte-firme-durante-la-tormenta-1024x723.jpg\" alt=\"Trat\u00e1 con todas tus fuerzas de mantenerte firme durante la tormenta\" width=\"500\" height=\"353\" srcset=\"https:\/\/www.madeleinecr.com\/wp-content\/uploads\/2014\/05\/Trat\u00e1-con-todas-tus-fuerzas-de-mantenerte-firme-durante-la-tormenta-1024x723.jpg 1024w, https:\/\/www.madeleinecr.com\/wp-content\/uploads\/2014\/05\/Trat\u00e1-con-todas-tus-fuerzas-de-mantenerte-firme-durante-la-tormenta-300x211.jpg 300w, https:\/\/www.madeleinecr.com\/wp-content\/uploads\/2014\/05\/Trat\u00e1-con-todas-tus-fuerzas-de-mantenerte-firme-durante-la-tormenta-500x353.jpg 500w, https:\/\/www.madeleinecr.com\/wp-content\/uploads\/2014\/05\/Trat\u00e1-con-todas-tus-fuerzas-de-mantenerte-firme-durante-la-tormenta.jpg 1754w\" sizes=\"(max-width: 500px) 100vw, 500px\" \/><\/a><\/p>\n<p>&nbsp;<\/p>\n<p><a href=\"http:\/\/www.madeleinecr.com\/wp-content\/uploads\/2014\/05\/La-pasi\u00f3n-es-un-poder-invisible-que-motiva-rejuvenece-vitaliza..jpg\"><img loading=\"lazy\" class=\"alignnone size-large wp-image-350\" src=\"http:\/\/www.madeleinecr.com\/wp-content\/uploads\/2014\/05\/La-pasi\u00f3n-es-un-poder-invisible-que-motiva-rejuvenece-vitaliza.-1024x723.jpg\" alt=\"La pasi\u00f3n es un poder invisible que motiva, rejuvenece, vitaliza.\" width=\"500\" height=\"353\" srcset=\"https:\/\/www.madeleinecr.com\/wp-content\/uploads\/2014\/05\/La-pasi\u00f3n-es-un-poder-invisible-que-motiva-rejuvenece-vitaliza.-1024x723.jpg 1024w, https:\/\/www.madeleinecr.com\/wp-content\/uploads\/2014\/05\/La-pasi\u00f3n-es-un-poder-invisible-que-motiva-rejuvenece-vitaliza.-300x211.jpg 300w, https:\/\/www.madeleinecr.com\/wp-content\/uploads\/2014\/05\/La-pasi\u00f3n-es-un-poder-invisible-que-motiva-rejuvenece-vitaliza.-500x353.jpg 500w, https:\/\/www.madeleinecr.com\/wp-content\/uploads\/2014\/05\/La-pasi\u00f3n-es-un-poder-invisible-que-motiva-rejuvenece-vitaliza..jpg 1754w\" sizes=\"(max-width: 500px) 100vw, 500px\" \/><\/a><\/p>\n<p>&nbsp;<\/p>\n<p><a href=\"http:\/\/www.madeleinecr.com\/wp-content\/uploads\/2014\/05\/Todos-nacemos-con-regalos-ansiosos-por-germinar.jpg\"><img loading=\"lazy\" class=\"alignnone size-large wp-image-347\" src=\"http:\/\/www.madeleinecr.com\/wp-content\/uploads\/2014\/05\/Todos-nacemos-con-regalos-ansiosos-por-germinar-1024x723.jpg\" alt=\"Todos nacemos con regalos ansiosos por germinar\" width=\"500\" height=\"353\" srcset=\"https:\/\/www.madeleinecr.com\/wp-content\/uploads\/2014\/05\/Todos-nacemos-con-regalos-ansiosos-por-germinar-1024x723.jpg 1024w, https:\/\/www.madeleinecr.com\/wp-content\/uploads\/2014\/05\/Todos-nacemos-con-regalos-ansiosos-por-germinar-300x211.jpg 300w, https:\/\/www.madeleinecr.com\/wp-content\/uploads\/2014\/05\/Todos-nacemos-con-regalos-ansiosos-por-germinar-500x353.jpg 500w, https:\/\/www.madeleinecr.com\/wp-content\/uploads\/2014\/05\/Todos-nacemos-con-regalos-ansiosos-por-germinar.jpg 1754w\" sizes=\"(max-width: 500px) 100vw, 500px\" \/><\/a><\/p>\n<p>&nbsp;<\/p>\n<p><a href=\"http:\/\/www.madeleinecr.com\/wp-content\/uploads\/2014\/05\/Siempre-encontrar\u00e1s-un-camino-para-convertir-lo-imposible-en-realidad.jpg\"><img loading=\"lazy\" class=\"alignnone size-large wp-image-344\" src=\"http:\/\/www.madeleinecr.com\/wp-content\/uploads\/2014\/05\/Siempre-encontrar\u00e1s-un-camino-para-convertir-lo-imposible-en-realidad-1024x723.jpg\" alt=\"Siempre encontrar\u00e1s un camino para convertir lo imposible en realidad\" width=\"500\" height=\"353\" srcset=\"https:\/\/www.madeleinecr.com\/wp-content\/uploads\/2014\/05\/Siempre-encontrar\u00e1s-un-camino-para-convertir-lo-imposible-en-realidad-1024x723.jpg 1024w, https:\/\/www.madeleinecr.com\/wp-content\/uploads\/2014\/05\/Siempre-encontrar\u00e1s-un-camino-para-convertir-lo-imposible-en-realidad-300x211.jpg 300w, https:\/\/www.madeleinecr.com\/wp-content\/uploads\/2014\/05\/Siempre-encontrar\u00e1s-un-camino-para-convertir-lo-imposible-en-realidad-500x353.jpg 500w, https:\/\/www.madeleinecr.com\/wp-content\/uploads\/2014\/05\/Siempre-encontrar\u00e1s-un-camino-para-convertir-lo-imposible-en-realidad.jpg 1754w\" sizes=\"(max-width: 500px) 100vw, 500px\" \/><\/a><\/p>\n<p>&nbsp;<\/p>\n<p><a href=\"http:\/\/www.madeleinecr.com\/wp-content\/uploads\/2014\/05\/No-te-conform\u00e1s-no-te-rind\u00e1s..jpg\"><img loading=\"lazy\" class=\"alignnone size-large wp-image-341\" src=\"http:\/\/www.madeleinecr.com\/wp-content\/uploads\/2014\/05\/No-te-conform\u00e1s-no-te-rind\u00e1s.-1024x723.jpg\" alt=\"No te conform\u00e1s, no te rind\u00e1s.\" width=\"500\" height=\"353\" srcset=\"https:\/\/www.madeleinecr.com\/wp-content\/uploads\/2014\/05\/No-te-conform\u00e1s-no-te-rind\u00e1s.-1024x723.jpg 1024w, https:\/\/www.madeleinecr.com\/wp-content\/uploads\/2014\/05\/No-te-conform\u00e1s-no-te-rind\u00e1s.-300x211.jpg 300w, https:\/\/www.madeleinecr.com\/wp-content\/uploads\/2014\/05\/No-te-conform\u00e1s-no-te-rind\u00e1s.-500x353.jpg 500w, https:\/\/www.madeleinecr.com\/wp-content\/uploads\/2014\/05\/No-te-conform\u00e1s-no-te-rind\u00e1s..jpg 1754w\" sizes=\"(max-width: 500px) 100vw, 500px\" \/><\/a><\/p>\n<p>&nbsp;<\/p>\n<p><a href=\"http:\/\/www.madeleinecr.com\/wp-content\/uploads\/2014\/05\/No-se-sabe-si-habr\u00e1-un-ma\u00f1ana.jpg\"><img loading=\"lazy\" class=\"alignnone size-large wp-image-338\" src=\"http:\/\/www.madeleinecr.com\/wp-content\/uploads\/2014\/05\/No-se-sabe-si-habr\u00e1-un-ma\u00f1ana-1024x723.jpg\" alt=\"No se sabe si habr\u00e1 un ma\u00f1ana\" width=\"500\" height=\"353\" srcset=\"https:\/\/www.madeleinecr.com\/wp-content\/uploads\/2014\/05\/No-se-sabe-si-habr\u00e1-un-ma\u00f1ana-1024x723.jpg 1024w, https:\/\/www.madeleinecr.com\/wp-content\/uploads\/2014\/05\/No-se-sabe-si-habr\u00e1-un-ma\u00f1ana-300x211.jpg 300w, https:\/\/www.madeleinecr.com\/wp-content\/uploads\/2014\/05\/No-se-sabe-si-habr\u00e1-un-ma\u00f1ana-500x353.jpg 500w, https:\/\/www.madeleinecr.com\/wp-content\/uploads\/2014\/05\/No-se-sabe-si-habr\u00e1-un-ma\u00f1ana.jpg 1754w\" sizes=\"(max-width: 500px) 100vw, 500px\" \/><\/a><\/p>\n<p>&nbsp;<\/p>\n<p><a href=\"http:\/\/www.madeleinecr.com\/wp-content\/uploads\/2014\/05\/Fuiste-creado-por-amor.jpg\"><img loading=\"lazy\" class=\"alignnone size-large wp-image-335\" src=\"http:\/\/www.madeleinecr.com\/wp-content\/uploads\/2014\/05\/Fuiste-creado-por-amor-1024x723.jpg\" alt=\"Fuiste creado por amor\" width=\"500\" height=\"353\" srcset=\"https:\/\/www.madeleinecr.com\/wp-content\/uploads\/2014\/05\/Fuiste-creado-por-amor-1024x723.jpg 1024w, https:\/\/www.madeleinecr.com\/wp-content\/uploads\/2014\/05\/Fuiste-creado-por-amor-300x211.jpg 300w, https:\/\/www.madeleinecr.com\/wp-content\/uploads\/2014\/05\/Fuiste-creado-por-amor-500x353.jpg 500w, https:\/\/www.madeleinecr.com\/wp-content\/uploads\/2014\/05\/Fuiste-creado-por-amor.jpg 1754w\" sizes=\"(max-width: 500px) 100vw, 500px\" \/><\/a><\/p>\n<p>&nbsp;<\/p>\n<p><a href=\"http:\/\/www.madeleinecr.com\/wp-content\/uploads\/2014\/05\/Hay-muchos-ticos-en-diferentes-partes-del-mundo.jpg\"><img loading=\"lazy\" class=\"alignnone size-large wp-image-311\" src=\"http:\/\/www.madeleinecr.com\/wp-content\/uploads\/2014\/05\/Hay-muchos-ticos-en-diferentes-partes-del-mundo-1024x723.jpg\" alt=\"Hay muchos ticos en diferentes partes del mundo\" width=\"500\" height=\"353\" srcset=\"https:\/\/www.madeleinecr.com\/wp-content\/uploads\/2014\/05\/Hay-muchos-ticos-en-diferentes-partes-del-mundo-1024x723.jpg 1024w, https:\/\/www.madeleinecr.com\/wp-content\/uploads\/2014\/05\/Hay-muchos-ticos-en-diferentes-partes-del-mundo-300x211.jpg 300w, https:\/\/www.madeleinecr.com\/wp-content\/uploads\/2014\/05\/Hay-muchos-ticos-en-diferentes-partes-del-mundo-500x353.jpg 500w, https:\/\/www.madeleinecr.com\/wp-content\/uploads\/2014\/05\/Hay-muchos-ticos-en-diferentes-partes-del-mundo.jpg 1754w\" sizes=\"(max-width: 500px) 100vw, 500px\" \/><\/a><\/p>\n<p>&nbsp;<\/p>\n<p><a href=\"http:\/\/www.madeleinecr.com\/wp-content\/uploads\/2014\/05\/Porque-ten\u00e9s-un-gran-significado-en-mi-vida-hoy-te-digo.jpg\"><img loading=\"lazy\" class=\"alignnone size-large wp-image-307\" src=\"http:\/\/www.madeleinecr.com\/wp-content\/uploads\/2014\/05\/Porque-ten\u00e9s-un-gran-significado-en-mi-vida-hoy-te-digo-1024x723.jpg\" alt=\"Porque ten\u00e9s un gran significado en mi vida, hoy te digo\" width=\"500\" height=\"353\" srcset=\"https:\/\/www.madeleinecr.com\/wp-content\/uploads\/2014\/05\/Porque-ten\u00e9s-un-gran-significado-en-mi-vida-hoy-te-digo-1024x723.jpg 1024w, https:\/\/www.madeleinecr.com\/wp-content\/uploads\/2014\/05\/Porque-ten\u00e9s-un-gran-significado-en-mi-vida-hoy-te-digo-300x211.jpg 300w, https:\/\/www.madeleinecr.com\/wp-content\/uploads\/2014\/05\/Porque-ten\u00e9s-un-gran-significado-en-mi-vida-hoy-te-digo-500x353.jpg 500w, https:\/\/www.madeleinecr.com\/wp-content\/uploads\/2014\/05\/Porque-ten\u00e9s-un-gran-significado-en-mi-vida-hoy-te-digo.jpg 1754w\" sizes=\"(max-width: 500px) 100vw, 500px\" \/><\/a><\/p>\n<p>&nbsp;<\/p>\n<p><a href=\"http:\/\/www.madeleinecr.com\/wp-content\/uploads\/2014\/05\/La-vida-no-espera-a-nadie-es-momento-de-emprender-el-viaje-hacia-todos-tus-anhelos.jpg\"><img loading=\"lazy\" class=\"alignnone size-large wp-image-305\" src=\"http:\/\/www.madeleinecr.com\/wp-content\/uploads\/2014\/05\/La-vida-no-espera-a-nadie-es-momento-de-emprender-el-viaje-hacia-todos-tus-anhelos-1024x723.jpg\" alt=\"La vida no espera a nadie, es momento de emprender el viaje hacia todos tus anhelos\" width=\"500\" height=\"353\" srcset=\"https:\/\/www.madeleinecr.com\/wp-content\/uploads\/2014\/05\/La-vida-no-espera-a-nadie-es-momento-de-emprender-el-viaje-hacia-todos-tus-anhelos-1024x723.jpg 1024w, https:\/\/www.madeleinecr.com\/wp-content\/uploads\/2014\/05\/La-vida-no-espera-a-nadie-es-momento-de-emprender-el-viaje-hacia-todos-tus-anhelos-300x211.jpg 300w, https:\/\/www.madeleinecr.com\/wp-content\/uploads\/2014\/05\/La-vida-no-espera-a-nadie-es-momento-de-emprender-el-viaje-hacia-todos-tus-anhelos-500x353.jpg 500w, https:\/\/www.madeleinecr.com\/wp-content\/uploads\/2014\/05\/La-vida-no-espera-a-nadie-es-momento-de-emprender-el-viaje-hacia-todos-tus-anhelos.jpg 1754w\" sizes=\"(max-width: 500px) 100vw, 500px\" \/><\/a><\/p>\n<p>&nbsp;<\/p>\n<p><a href=\"http:\/\/www.madeleinecr.com\/wp-content\/uploads\/2014\/05\/Tu-amor-me-ilumina-me-edifica-me-resguarda.jpg\"><img loading=\"lazy\" class=\"alignnone size-large wp-image-301\" src=\"http:\/\/www.madeleinecr.com\/wp-content\/uploads\/2014\/05\/Tu-amor-me-ilumina-me-edifica-me-resguarda-1024x723.jpg\" alt=\"Tu amor me ilumina, me edifica, me resguarda\" width=\"500\" height=\"353\" srcset=\"https:\/\/www.madeleinecr.com\/wp-content\/uploads\/2014\/05\/Tu-amor-me-ilumina-me-edifica-me-resguarda-1024x723.jpg 1024w, https:\/\/www.madeleinecr.com\/wp-content\/uploads\/2014\/05\/Tu-amor-me-ilumina-me-edifica-me-resguarda-300x211.jpg 300w, https:\/\/www.madeleinecr.com\/wp-content\/uploads\/2014\/05\/Tu-amor-me-ilumina-me-edifica-me-resguarda-500x353.jpg 500w\" sizes=\"(max-width: 500px) 100vw, 500px\" \/><\/a><\/p>\n<p>&nbsp;<\/p>\n<p><a href=\"http:\/\/www.madeleinecr.com\/wp-content\/uploads\/2014\/05\/Tu-sonrisa-sincera-es-el-mejor-indicador-de-que-vas-por-el-camino-correcto.jpg\"><img loading=\"lazy\" class=\"alignnone size-large wp-image-298\" src=\"http:\/\/www.madeleinecr.com\/wp-content\/uploads\/2014\/05\/Tu-sonrisa-sincera-es-el-mejor-indicador-de-que-vas-por-el-camino-correcto-1024x723.jpg\" alt=\"Tu sonrisa sincera es el mejor indicador de que vas por el camino correcto\" width=\"500\" height=\"353\" srcset=\"https:\/\/www.madeleinecr.com\/wp-content\/uploads\/2014\/05\/Tu-sonrisa-sincera-es-el-mejor-indicador-de-que-vas-por-el-camino-correcto-1024x723.jpg 1024w, https:\/\/www.madeleinecr.com\/wp-content\/uploads\/2014\/05\/Tu-sonrisa-sincera-es-el-mejor-indicador-de-que-vas-por-el-camino-correcto-300x211.jpg 300w, https:\/\/www.madeleinecr.com\/wp-content\/uploads\/2014\/05\/Tu-sonrisa-sincera-es-el-mejor-indicador-de-que-vas-por-el-camino-correcto-500x353.jpg 500w, https:\/\/www.madeleinecr.com\/wp-content\/uploads\/2014\/05\/Tu-sonrisa-sincera-es-el-mejor-indicador-de-que-vas-por-el-camino-correcto.jpg 1754w\" sizes=\"(max-width: 500px) 100vw, 500px\" \/><\/a><\/p>\n<p>&nbsp;<\/p>\n<p><a href=\"http:\/\/www.madeleinecr.com\/wp-content\/uploads\/2014\/05\/Hay-personas-como-vos-en-este-mundo-que-tienen-un-coraz\u00f3n-ilimitado.jpg\"><img loading=\"lazy\" class=\"alignnone size-large wp-image-296\" src=\"http:\/\/www.madeleinecr.com\/wp-content\/uploads\/2014\/05\/Hay-personas-como-vos-en-este-mundo-que-tienen-un-coraz\u00f3n-ilimitado-1024x791.jpg\" alt=\"Hay personas como vos en este mundo, que tienen un coraz\u00f3n ilimitado\" width=\"500\" height=\"386\" srcset=\"https:\/\/www.madeleinecr.com\/wp-content\/uploads\/2014\/05\/Hay-personas-como-vos-en-este-mundo-que-tienen-un-coraz\u00f3n-ilimitado-1024x791.jpg 1024w, https:\/\/www.madeleinecr.com\/wp-content\/uploads\/2014\/05\/Hay-personas-como-vos-en-este-mundo-que-tienen-un-coraz\u00f3n-ilimitado-300x231.jpg 300w, https:\/\/www.madeleinecr.com\/wp-content\/uploads\/2014\/05\/Hay-personas-como-vos-en-este-mundo-que-tienen-un-coraz\u00f3n-ilimitado-500x386.jpg 500w, https:\/\/www.madeleinecr.com\/wp-content\/uploads\/2014\/05\/Hay-personas-como-vos-en-este-mundo-que-tienen-un-coraz\u00f3n-ilimitado.jpg 1650w\" sizes=\"(max-width: 500px) 100vw, 500px\" \/><\/a><\/p>\n<p>&nbsp;<\/p>\n<p><a href=\"http:\/\/www.madeleinecr.com\/wp-content\/uploads\/2014\/05\/La-verdadera-libertad-nace-del-poder-que-cada-uno-tiene-para-crear-su-propia-realidad.jpg\"><img loading=\"lazy\" class=\"alignnone size-large wp-image-293\" src=\"http:\/\/www.madeleinecr.com\/wp-content\/uploads\/2014\/05\/La-verdadera-libertad-nace-del-poder-que-cada-uno-tiene-para-crear-su-propia-realidad-1024x723.jpg\" alt=\"La verdadera libertad nace del poder que cada uno tiene para crear su propia realidad\" width=\"500\" height=\"353\" srcset=\"https:\/\/www.madeleinecr.com\/wp-content\/uploads\/2014\/05\/La-verdadera-libertad-nace-del-poder-que-cada-uno-tiene-para-crear-su-propia-realidad-1024x723.jpg 1024w, https:\/\/www.madeleinecr.com\/wp-content\/uploads\/2014\/05\/La-verdadera-libertad-nace-del-poder-que-cada-uno-tiene-para-crear-su-propia-realidad-300x211.jpg 300w, https:\/\/www.madeleinecr.com\/wp-content\/uploads\/2014\/05\/La-verdadera-libertad-nace-del-poder-que-cada-uno-tiene-para-crear-su-propia-realidad-500x353.jpg 500w, https:\/\/www.madeleinecr.com\/wp-content\/uploads\/2014\/05\/La-verdadera-libertad-nace-del-poder-que-cada-uno-tiene-para-crear-su-propia-realidad.jpg 1754w\" sizes=\"(max-width: 500px) 100vw, 500px\" \/><\/a><\/p>\n<p>&nbsp;<\/p>\n<p><a href=\"http:\/\/www.madeleinecr.com\/wp-content\/uploads\/2014\/05\/La-energ\u00eda-y-la-fortaleza-que-nacen-de-tu-interior-.jpg\"><img loading=\"lazy\" class=\"alignnone size-large wp-image-288\" src=\"http:\/\/www.madeleinecr.com\/wp-content\/uploads\/2014\/05\/La-energ\u00eda-y-la-fortaleza-que-nacen-de-tu-interior--1024x723.jpg\" alt=\"La energ\u00eda y la fortaleza que nacen de tu interior\" width=\"500\" height=\"353\" srcset=\"https:\/\/www.madeleinecr.com\/wp-content\/uploads\/2014\/05\/La-energ\u00eda-y-la-fortaleza-que-nacen-de-tu-interior--1024x723.jpg 1024w, https:\/\/www.madeleinecr.com\/wp-content\/uploads\/2014\/05\/La-energ\u00eda-y-la-fortaleza-que-nacen-de-tu-interior--300x211.jpg 300w, https:\/\/www.madeleinecr.com\/wp-content\/uploads\/2014\/05\/La-energ\u00eda-y-la-fortaleza-que-nacen-de-tu-interior--500x353.jpg 500w, https:\/\/www.madeleinecr.com\/wp-content\/uploads\/2014\/05\/La-energ\u00eda-y-la-fortaleza-que-nacen-de-tu-interior-.jpg 1754w\" sizes=\"(max-width: 500px) 100vw, 500px\" \/><\/a><\/p>\n<p>&nbsp;<\/p>\n<p><a href=\"http:\/\/www.madeleinecr.com\/wp-content\/uploads\/2014\/05\/Hoy-es-un-buen-momento-para-recordar-todos-los-sue\u00f1os.jpg\"><img loading=\"lazy\" class=\"alignnone size-large wp-image-286\" src=\"http:\/\/www.madeleinecr.com\/wp-content\/uploads\/2014\/05\/Hoy-es-un-buen-momento-para-recordar-todos-los-sue\u00f1os-1024x723.jpg\" alt=\"Hoy es un buen momento para recordar todos los sue\u00f1os\" width=\"500\" height=\"353\" srcset=\"https:\/\/www.madeleinecr.com\/wp-content\/uploads\/2014\/05\/Hoy-es-un-buen-momento-para-recordar-todos-los-sue\u00f1os-1024x723.jpg 1024w, https:\/\/www.madeleinecr.com\/wp-content\/uploads\/2014\/05\/Hoy-es-un-buen-momento-para-recordar-todos-los-sue\u00f1os-300x211.jpg 300w, https:\/\/www.madeleinecr.com\/wp-content\/uploads\/2014\/05\/Hoy-es-un-buen-momento-para-recordar-todos-los-sue\u00f1os-500x353.jpg 500w, https:\/\/www.madeleinecr.com\/wp-content\/uploads\/2014\/05\/Hoy-es-un-buen-momento-para-recordar-todos-los-sue\u00f1os.jpg 1754w\" sizes=\"(max-width: 500px) 100vw, 500px\" \/><\/a><\/p>\n<p>&nbsp;<\/p>\n<p><a href=\"http:\/\/www.madeleinecr.com\/wp-content\/uploads\/2014\/05\/Cada-persona-es-especial.jpg\"><img loading=\"lazy\" class=\"alignnone size-large wp-image-283\" src=\"http:\/\/www.madeleinecr.com\/wp-content\/uploads\/2014\/05\/Cada-persona-es-especial-1024x723.jpg\" alt=\"Cada persona es especial\" width=\"500\" height=\"353\" srcset=\"https:\/\/www.madeleinecr.com\/wp-content\/uploads\/2014\/05\/Cada-persona-es-especial-1024x723.jpg 1024w, https:\/\/www.madeleinecr.com\/wp-content\/uploads\/2014\/05\/Cada-persona-es-especial-300x211.jpg 300w, https:\/\/www.madeleinecr.com\/wp-content\/uploads\/2014\/05\/Cada-persona-es-especial-500x353.jpg 500w, https:\/\/www.madeleinecr.com\/wp-content\/uploads\/2014\/05\/Cada-persona-es-especial.jpg 1754w\" sizes=\"(max-width: 500px) 100vw, 500px\" \/><\/a><\/p>\n<p>&nbsp;<\/p>\n<p><a href=\"http:\/\/www.madeleinecr.com\/wp-content\/uploads\/2014\/05\/Aunque-cre\u00e1s-que-tu-esfuerzo-pasa-desapercibido-segu\u00ed-dando-lo-mejor-de-vos1.jpg\"><img loading=\"lazy\" class=\"alignnone size-large wp-image-280\" src=\"http:\/\/www.madeleinecr.com\/wp-content\/uploads\/2014\/05\/Aunque-cre\u00e1s-que-tu-esfuerzo-pasa-desapercibido-segu\u00ed-dando-lo-mejor-de-vos1-1024x723.jpg\" alt=\"Aunque cre\u00e1s que tu esfuerzo pasa desapercibido segu\u00ed dando lo mejor de vos\" width=\"500\" height=\"353\" srcset=\"https:\/\/www.madeleinecr.com\/wp-content\/uploads\/2014\/05\/Aunque-cre\u00e1s-que-tu-esfuerzo-pasa-desapercibido-segu\u00ed-dando-lo-mejor-de-vos1-1024x723.jpg 1024w, https:\/\/www.madeleinecr.com\/wp-content\/uploads\/2014\/05\/Aunque-cre\u00e1s-que-tu-esfuerzo-pasa-desapercibido-segu\u00ed-dando-lo-mejor-de-vos1-300x211.jpg 300w, https:\/\/www.madeleinecr.com\/wp-content\/uploads\/2014\/05\/Aunque-cre\u00e1s-que-tu-esfuerzo-pasa-desapercibido-segu\u00ed-dando-lo-mejor-de-vos1-500x353.jpg 500w, https:\/\/www.madeleinecr.com\/wp-content\/uploads\/2014\/05\/Aunque-cre\u00e1s-que-tu-esfuerzo-pasa-desapercibido-segu\u00ed-dando-lo-mejor-de-vos1.jpg 1754w\" sizes=\"(max-width: 500px) 100vw, 500px\" \/><\/a><\/p>\n<p>&nbsp;<\/p>\n<p><a href=\"http:\/\/www.madeleinecr.com\/wp-content\/uploads\/2014\/05\/De-vez-en-cuando-el-destino-da-un-giro-inesperado-y-te-regala-la-amistad.jpg\"><img loading=\"lazy\" class=\"alignnone size-large wp-image-273\" src=\"http:\/\/www.madeleinecr.com\/wp-content\/uploads\/2014\/05\/De-vez-en-cuando-el-destino-da-un-giro-inesperado-y-te-regala-la-amistad-1024x723.jpg\" alt=\"De vez en cuando el destino da un giro inesperado y te regala la amistad\" width=\"500\" height=\"353\" srcset=\"https:\/\/www.madeleinecr.com\/wp-content\/uploads\/2014\/05\/De-vez-en-cuando-el-destino-da-un-giro-inesperado-y-te-regala-la-amistad-1024x723.jpg 1024w, https:\/\/www.madeleinecr.com\/wp-content\/uploads\/2014\/05\/De-vez-en-cuando-el-destino-da-un-giro-inesperado-y-te-regala-la-amistad-300x211.jpg 300w, https:\/\/www.madeleinecr.com\/wp-content\/uploads\/2014\/05\/De-vez-en-cuando-el-destino-da-un-giro-inesperado-y-te-regala-la-amistad-500x353.jpg 500w, https:\/\/www.madeleinecr.com\/wp-content\/uploads\/2014\/05\/De-vez-en-cuando-el-destino-da-un-giro-inesperado-y-te-regala-la-amistad.jpg 1754w\" sizes=\"(max-width: 500px) 100vw, 500px\" \/><\/a><\/p>\n<p>&nbsp;<\/p>\n<p><a href=\"http:\/\/www.madeleinecr.com\/wp-content\/uploads\/2014\/05\/A-partir-de-hoy-y-por-un-tiempo....jpg\"><img loading=\"lazy\" class=\"alignnone size-large wp-image-270\" src=\"http:\/\/www.madeleinecr.com\/wp-content\/uploads\/2014\/05\/A-partir-de-hoy-y-por-un-tiempo...-1024x723.jpg\" alt=\"A partir de hoy y por un tiempo...\" width=\"500\" height=\"353\" srcset=\"https:\/\/www.madeleinecr.com\/wp-content\/uploads\/2014\/05\/A-partir-de-hoy-y-por-un-tiempo...-1024x723.jpg 1024w, https:\/\/www.madeleinecr.com\/wp-content\/uploads\/2014\/05\/A-partir-de-hoy-y-por-un-tiempo...-300x211.jpg 300w, https:\/\/www.madeleinecr.com\/wp-content\/uploads\/2014\/05\/A-partir-de-hoy-y-por-un-tiempo...-500x353.jpg 500w, https:\/\/www.madeleinecr.com\/wp-content\/uploads\/2014\/05\/A-partir-de-hoy-y-por-un-tiempo....jpg 1754w\" sizes=\"(max-width: 500px) 100vw, 500px\" \/><\/a><\/p>\n<p>&nbsp;<\/p>\n<p><a href=\"http:\/\/www.madeleinecr.com\/wp-content\/uploads\/2014\/05\/Si-esper\u00e1s-con-paciencia-y-esperanza-el-amor-aparecer\u00e1-en-todas-partes.jpg\"><img loading=\"lazy\" class=\"alignnone size-large wp-image-266\" src=\"http:\/\/www.madeleinecr.com\/wp-content\/uploads\/2014\/05\/Si-esper\u00e1s-con-paciencia-y-esperanza-el-amor-aparecer\u00e1-en-todas-partes-1024x723.jpg\" alt=\"Si esper\u00e1s con paciencia y esperanza, el amor aparecer\u00e1 en todas partes\" width=\"500\" height=\"353\" srcset=\"https:\/\/www.madeleinecr.com\/wp-content\/uploads\/2014\/05\/Si-esper\u00e1s-con-paciencia-y-esperanza-el-amor-aparecer\u00e1-en-todas-partes-1024x723.jpg 1024w, https:\/\/www.madeleinecr.com\/wp-content\/uploads\/2014\/05\/Si-esper\u00e1s-con-paciencia-y-esperanza-el-amor-aparecer\u00e1-en-todas-partes-300x211.jpg 300w, https:\/\/www.madeleinecr.com\/wp-content\/uploads\/2014\/05\/Si-esper\u00e1s-con-paciencia-y-esperanza-el-amor-aparecer\u00e1-en-todas-partes-500x353.jpg 500w, https:\/\/www.madeleinecr.com\/wp-content\/uploads\/2014\/05\/Si-esper\u00e1s-con-paciencia-y-esperanza-el-amor-aparecer\u00e1-en-todas-partes.jpg 1754w\" sizes=\"(max-width: 500px) 100vw, 500px\" \/><\/a><\/p>\n<p>&nbsp;<\/p>\n<p><a href=\"http:\/\/www.madeleinecr.com\/wp-content\/uploads\/2014\/05\/No-hay-mejor-punto-de-partida-que-el-fracaso.jpg\"><img loading=\"lazy\" class=\"alignnone size-large wp-image-263\" src=\"http:\/\/www.madeleinecr.com\/wp-content\/uploads\/2014\/05\/No-hay-mejor-punto-de-partida-que-el-fracaso-1024x723.jpg\" alt=\"No hay mejor punto de partida que el fracaso\" width=\"500\" height=\"353\" srcset=\"https:\/\/www.madeleinecr.com\/wp-content\/uploads\/2014\/05\/No-hay-mejor-punto-de-partida-que-el-fracaso-1024x723.jpg 1024w, https:\/\/www.madeleinecr.com\/wp-content\/uploads\/2014\/05\/No-hay-mejor-punto-de-partida-que-el-fracaso-300x211.jpg 300w, https:\/\/www.madeleinecr.com\/wp-content\/uploads\/2014\/05\/No-hay-mejor-punto-de-partida-que-el-fracaso-500x353.jpg 500w, https:\/\/www.madeleinecr.com\/wp-content\/uploads\/2014\/05\/No-hay-mejor-punto-de-partida-que-el-fracaso.jpg 1754w\" sizes=\"(max-width: 500px) 100vw, 500px\" \/><\/a><\/p>\n<p>&nbsp;<\/p>\n<p><a href=\"http:\/\/www.madeleinecr.com\/wp-content\/uploads\/2014\/05\/Nuestra-\u00fanica-alternativa-como-raza-humana-es.jpg\"><img loading=\"lazy\" class=\"alignnone size-large wp-image-260\" src=\"http:\/\/www.madeleinecr.com\/wp-content\/uploads\/2014\/05\/Nuestra-\u00fanica-alternativa-como-raza-humana-es-1024x723.jpg\" alt=\"Nuestra \u00fanica alternativa como raza humana es\" width=\"500\" height=\"353\" srcset=\"https:\/\/www.madeleinecr.com\/wp-content\/uploads\/2014\/05\/Nuestra-\u00fanica-alternativa-como-raza-humana-es-1024x723.jpg 1024w, https:\/\/www.madeleinecr.com\/wp-content\/uploads\/2014\/05\/Nuestra-\u00fanica-alternativa-como-raza-humana-es-300x211.jpg 300w, https:\/\/www.madeleinecr.com\/wp-content\/uploads\/2014\/05\/Nuestra-\u00fanica-alternativa-como-raza-humana-es-500x353.jpg 500w, https:\/\/www.madeleinecr.com\/wp-content\/uploads\/2014\/05\/Nuestra-\u00fanica-alternativa-como-raza-humana-es.jpg 1754w\" sizes=\"(max-width: 500px) 100vw, 500px\" \/><\/a><\/p>\n<p>&nbsp;<\/p>\n<p><a href=\"http:\/\/www.madeleinecr.com\/wp-content\/uploads\/2014\/05\/La-felicidad-se-encuentra-en.jpg\"><img loading=\"lazy\" class=\"alignnone size-large wp-image-257\" src=\"http:\/\/www.madeleinecr.com\/wp-content\/uploads\/2014\/05\/La-felicidad-se-encuentra-en-1024x723.jpg\" alt=\"La felicidad se encuentra en\" width=\"500\" height=\"353\" srcset=\"https:\/\/www.madeleinecr.com\/wp-content\/uploads\/2014\/05\/La-felicidad-se-encuentra-en-1024x723.jpg 1024w, https:\/\/www.madeleinecr.com\/wp-content\/uploads\/2014\/05\/La-felicidad-se-encuentra-en-300x211.jpg 300w, https:\/\/www.madeleinecr.com\/wp-content\/uploads\/2014\/05\/La-felicidad-se-encuentra-en-500x353.jpg 500w, https:\/\/www.madeleinecr.com\/wp-content\/uploads\/2014\/05\/La-felicidad-se-encuentra-en.jpg 1754w\" sizes=\"(max-width: 500px) 100vw, 500px\" \/><\/a><\/p>\n<p>&nbsp;<\/p>\n<p><a href=\"http:\/\/www.madeleinecr.com\/wp-content\/uploads\/2014\/05\/Que-tu-vida-hoy-querido-amigo-se-resuma-en.jpg\"><img loading=\"lazy\" class=\"alignnone size-large wp-image-253\" src=\"http:\/\/www.madeleinecr.com\/wp-content\/uploads\/2014\/05\/Que-tu-vida-hoy-querido-amigo-se-resuma-en-1024x723.jpg\" alt=\"Que tu vida hoy, querido amigo, se resuma en\" width=\"500\" height=\"353\" srcset=\"https:\/\/www.madeleinecr.com\/wp-content\/uploads\/2014\/05\/Que-tu-vida-hoy-querido-amigo-se-resuma-en-1024x723.jpg 1024w, https:\/\/www.madeleinecr.com\/wp-content\/uploads\/2014\/05\/Que-tu-vida-hoy-querido-amigo-se-resuma-en-300x211.jpg 300w, https:\/\/www.madeleinecr.com\/wp-content\/uploads\/2014\/05\/Que-tu-vida-hoy-querido-amigo-se-resuma-en-500x353.jpg 500w, https:\/\/www.madeleinecr.com\/wp-content\/uploads\/2014\/05\/Que-tu-vida-hoy-querido-amigo-se-resuma-en.jpg 1754w\" sizes=\"(max-width: 500px) 100vw, 500px\" \/><\/a><\/p>\n<p>&nbsp;<\/p>\n<p><a href=\"http:\/\/www.madeleinecr.com\/wp-content\/uploads\/2014\/05\/Que-el-lente-de-tu-c\u00e1mara-se-enfoque-en.png\"><img loading=\"lazy\" class=\"alignnone size-medium wp-image-245\" src=\"http:\/\/www.madeleinecr.com\/wp-content\/uploads\/2014\/05\/Que-el-lente-de-tu-c\u00e1mara-se-enfoque-en-300x201.png\" alt=\"Que el lente de tu c\u00e1mara se enfoque en\" width=\"300\" height=\"201\" srcset=\"https:\/\/www.madeleinecr.com\/wp-content\/uploads\/2014\/05\/Que-el-lente-de-tu-c\u00e1mara-se-enfoque-en-300x201.png 300w, https:\/\/www.madeleinecr.com\/wp-content\/uploads\/2014\/05\/Que-el-lente-de-tu-c\u00e1mara-se-enfoque-en-500x336.png 500w, https:\/\/www.madeleinecr.com\/wp-content\/uploads\/2014\/05\/Que-el-lente-de-tu-c\u00e1mara-se-enfoque-en.png 703w\" sizes=\"(max-width: 300px) 100vw, 300px\" \/><\/a><\/p>\n<p>&nbsp;<\/p>\n<p><a href=\"http:\/\/www.madeleinecr.com\/wp-content\/uploads\/2014\/05\/Frases-especiales.png\"><img loading=\"lazy\" class=\"alignnone size-medium wp-image-241\" src=\"http:\/\/www.madeleinecr.com\/wp-content\/uploads\/2014\/05\/Frases-especiales-300x178.png\" alt=\"Frases especiales\" width=\"300\" height=\"178\" srcset=\"https:\/\/www.madeleinecr.com\/wp-content\/uploads\/2014\/05\/Frases-especiales-300x178.png 300w, https:\/\/www.madeleinecr.com\/wp-content\/uploads\/2014\/05\/Frases-especiales-500x296.png 500w, https:\/\/www.madeleinecr.com\/wp-content\/uploads\/2014\/05\/Frases-especiales.png 982w\" sizes=\"(max-width: 300px) 100vw, 300px\" \/><\/a><\/p>\n<p>&nbsp;<\/p>\n<p><a href=\"http:\/\/www.madeleinecr.com\/wp-content\/uploads\/2014\/05\/Si-surge-un-obst\u00e1culo-la-pregunta-ideal-es.png\"><img loading=\"lazy\" class=\"alignnone size-medium wp-image-238\" src=\"http:\/\/www.madeleinecr.com\/wp-content\/uploads\/2014\/05\/Si-surge-un-obst\u00e1culo-la-pregunta-ideal-es-300x224.png\" alt=\"Si surge un obst\u00e1culo la pregunta ideal es\" width=\"300\" height=\"224\" srcset=\"https:\/\/www.madeleinecr.com\/wp-content\/uploads\/2014\/05\/Si-surge-un-obst\u00e1culo-la-pregunta-ideal-es-300x224.png 300w, https:\/\/www.madeleinecr.com\/wp-content\/uploads\/2014\/05\/Si-surge-un-obst\u00e1culo-la-pregunta-ideal-es-500x373.png 500w, https:\/\/www.madeleinecr.com\/wp-content\/uploads\/2014\/05\/Si-surge-un-obst\u00e1culo-la-pregunta-ideal-es.png 777w\" sizes=\"(max-width: 300px) 100vw, 300px\" \/><\/a><\/p>\n<p>&nbsp;<\/p>\n<p><a href=\"http:\/\/www.madeleinecr.com\/wp-content\/uploads\/2014\/05\/Fuerte-es-aquel-que-a-pesar-de-la-maldad-del-mundo.jpg\"><img loading=\"lazy\" class=\"alignnone size-medium wp-image-236\" src=\"http:\/\/www.madeleinecr.com\/wp-content\/uploads\/2014\/05\/Fuerte-es-aquel-que-a-pesar-de-la-maldad-del-mundo-300x275.jpg\" alt=\"Fuerte es aquel que a pesar de la maldad del mundo\" width=\"300\" height=\"275\" srcset=\"https:\/\/www.madeleinecr.com\/wp-content\/uploads\/2014\/05\/Fuerte-es-aquel-que-a-pesar-de-la-maldad-del-mundo-300x275.jpg 300w, https:\/\/www.madeleinecr.com\/wp-content\/uploads\/2014\/05\/Fuerte-es-aquel-que-a-pesar-de-la-maldad-del-mundo.jpg 484w\" sizes=\"(max-width: 300px) 100vw, 300px\" \/><\/a><\/p>\n<p>&nbsp;<\/p>\n<p><a href=\"http:\/\/www.madeleinecr.com\/wp-content\/uploads\/2014\/05\/Que-la-grandeza-de-tus-sue\u00f1os-se-convierta-en-la-fortaleza.png\"><img loading=\"lazy\" class=\"alignnone size-medium wp-image-213\" src=\"http:\/\/www.madeleinecr.com\/wp-content\/uploads\/2014\/05\/Que-la-grandeza-de-tus-sue\u00f1os-se-convierta-en-la-fortaleza-300x224.png\" alt=\"Que la grandeza de tus sue\u00f1os se convierta en la fortaleza\" width=\"300\" height=\"224\" srcset=\"https:\/\/www.madeleinecr.com\/wp-content\/uploads\/2014\/05\/Que-la-grandeza-de-tus-sue\u00f1os-se-convierta-en-la-fortaleza-300x224.png 300w, https:\/\/www.madeleinecr.com\/wp-content\/uploads\/2014\/05\/Que-la-grandeza-de-tus-sue\u00f1os-se-convierta-en-la-fortaleza-500x374.png 500w, https:\/\/www.madeleinecr.com\/wp-content\/uploads\/2014\/05\/Que-la-grandeza-de-tus-sue\u00f1os-se-convierta-en-la-fortaleza.png 770w\" sizes=\"(max-width: 300px) 100vw, 300px\" \/><\/a><\/p>\n<p>&nbsp;<\/p>\n<p><a href=\"http:\/\/www.madeleinecr.com\/wp-content\/uploads\/2014\/05\/Para-lograr-una-meta-el-primer-paso-es-creer.png\"><img loading=\"lazy\" class=\"alignnone size-medium wp-image-210\" src=\"http:\/\/www.madeleinecr.com\/wp-content\/uploads\/2014\/05\/Para-lograr-una-meta-el-primer-paso-es-creer-292x300.png\" alt=\"Para lograr una meta el primer paso es creer\" width=\"292\" height=\"300\" srcset=\"https:\/\/www.madeleinecr.com\/wp-content\/uploads\/2014\/05\/Para-lograr-una-meta-el-primer-paso-es-creer-292x300.png 292w, https:\/\/www.madeleinecr.com\/wp-content\/uploads\/2014\/05\/Para-lograr-una-meta-el-primer-paso-es-creer.png 544w\" sizes=\"(max-width: 292px) 100vw, 292px\" \/><\/a><\/p>\n<p>&nbsp;<\/p>\n<p><a href=\"http:\/\/www.madeleinecr.com\/wp-content\/uploads\/2014\/05\/TICOS.png\"><img loading=\"lazy\" class=\"alignnone size-medium wp-image-206\" src=\"http:\/\/www.madeleinecr.com\/wp-content\/uploads\/2014\/05\/TICOS-300x136.png\" alt=\"TICOS\" width=\"300\" height=\"136\" srcset=\"https:\/\/www.madeleinecr.com\/wp-content\/uploads\/2014\/05\/TICOS-300x136.png 300w, https:\/\/www.madeleinecr.com\/wp-content\/uploads\/2014\/05\/TICOS-500x227.png 500w, https:\/\/www.madeleinecr.com\/wp-content\/uploads\/2014\/05\/TICOS.png 928w\" sizes=\"(max-width: 300px) 100vw, 300px\" \/><\/a><\/p>\n<p>&nbsp;<\/p>\n<p><a href=\"http:\/\/www.madeleinecr.com\/wp-content\/uploads\/2014\/05\/Ten\u00e9s-el-talento-y-ten\u00e9s-el-potencial.png\"><img loading=\"lazy\" class=\"alignnone size-medium wp-image-204\" src=\"http:\/\/www.madeleinecr.com\/wp-content\/uploads\/2014\/05\/Ten\u00e9s-el-talento-y-ten\u00e9s-el-potencial-300x224.png\" alt=\"Ten\u00e9s el talento y ten\u00e9s el potencial\" width=\"300\" height=\"224\" srcset=\"https:\/\/www.madeleinecr.com\/wp-content\/uploads\/2014\/05\/Ten\u00e9s-el-talento-y-ten\u00e9s-el-potencial-300x224.png 300w, https:\/\/www.madeleinecr.com\/wp-content\/uploads\/2014\/05\/Ten\u00e9s-el-talento-y-ten\u00e9s-el-potencial-500x373.png 500w, https:\/\/www.madeleinecr.com\/wp-content\/uploads\/2014\/05\/Ten\u00e9s-el-talento-y-ten\u00e9s-el-potencial.png 761w\" sizes=\"(max-width: 300px) 100vw, 300px\" \/><\/a><\/p>\n<p>&nbsp;<\/p>\n<p><a href=\"http:\/\/www.madeleinecr.com\/wp-content\/uploads\/2014\/05\/Si-vas-a-so\u00f1ar-que-sea-en-grande.png\"><img loading=\"lazy\" class=\"alignnone size-medium wp-image-202\" src=\"http:\/\/www.madeleinecr.com\/wp-content\/uploads\/2014\/05\/Si-vas-a-so\u00f1ar-que-sea-en-grande-300x224.png\" alt=\"Si vas a so\u00f1ar que sea en grande\" width=\"300\" height=\"224\" srcset=\"https:\/\/www.madeleinecr.com\/wp-content\/uploads\/2014\/05\/Si-vas-a-so\u00f1ar-que-sea-en-grande-300x224.png 300w, https:\/\/www.madeleinecr.com\/wp-content\/uploads\/2014\/05\/Si-vas-a-so\u00f1ar-que-sea-en-grande-500x374.png 500w, https:\/\/www.madeleinecr.com\/wp-content\/uploads\/2014\/05\/Si-vas-a-so\u00f1ar-que-sea-en-grande.png 751w\" sizes=\"(max-width: 300px) 100vw, 300px\" \/><\/a><\/p>\n<p>&nbsp;<\/p>\n<p><a href=\"http:\/\/www.madeleinecr.com\/wp-content\/uploads\/2014\/05\/Se-permite-so\u00f1ar-obligat-en-grande.png\"><img loading=\"lazy\" class=\"alignnone size-medium wp-image-200\" src=\"http:\/\/www.madeleinecr.com\/wp-content\/uploads\/2014\/05\/Se-permite-so\u00f1ar-obligat-en-grande-245x300.png\" alt=\"Se permite so\u00f1ar obligat en grande\" width=\"245\" height=\"300\" srcset=\"https:\/\/www.madeleinecr.com\/wp-content\/uploads\/2014\/05\/Se-permite-so\u00f1ar-obligat-en-grande-245x300.png 245w, https:\/\/www.madeleinecr.com\/wp-content\/uploads\/2014\/05\/Se-permite-so\u00f1ar-obligat-en-grande.png 478w\" sizes=\"(max-width: 245px) 100vw, 245px\" \/><\/a><\/p>\n<p>&nbsp;<\/p>\n<p><a href=\"http:\/\/www.madeleinecr.com\/wp-content\/uploads\/2014\/05\/El-fracaso-es-relativo.png\"><img loading=\"lazy\" class=\"alignnone size-medium wp-image-194\" src=\"http:\/\/www.madeleinecr.com\/wp-content\/uploads\/2014\/05\/El-fracaso-es-relativo-224x300.png\" alt=\"El fracaso es relativo\" width=\"224\" height=\"300\" srcset=\"https:\/\/www.madeleinecr.com\/wp-content\/uploads\/2014\/05\/El-fracaso-es-relativo-224x300.png 224w, https:\/\/www.madeleinecr.com\/wp-content\/uploads\/2014\/05\/El-fracaso-es-relativo.png 500w\" sizes=\"(max-width: 224px) 100vw, 224px\" \/><\/a><\/p>\n<p>&nbsp;<\/p>\n<p><a href=\"http:\/\/www.madeleinecr.com\/wp-content\/uploads\/2014\/05\/Hoy-me-libero-de-tristezas-y-rencor.png\"><img loading=\"lazy\" class=\"alignnone size-medium wp-image-190\" src=\"http:\/\/www.madeleinecr.com\/wp-content\/uploads\/2014\/05\/Hoy-me-libero-de-tristezas-y-rencor-300x221.png\" alt=\"Hoy me libero de tristezas y rencor\" width=\"300\" height=\"221\" srcset=\"https:\/\/www.madeleinecr.com\/wp-content\/uploads\/2014\/05\/Hoy-me-libero-de-tristezas-y-rencor-300x221.png 300w, https:\/\/www.madeleinecr.com\/wp-content\/uploads\/2014\/05\/Hoy-me-libero-de-tristezas-y-rencor-500x369.png 500w, https:\/\/www.madeleinecr.com\/wp-content\/uploads\/2014\/05\/Hoy-me-libero-de-tristezas-y-rencor.png 773w\" sizes=\"(max-width: 300px) 100vw, 300px\" \/><\/a><\/p>\n<p>&nbsp;<\/p>\n<p><a href=\"http:\/\/www.madeleinecr.com\/wp-content\/uploads\/2014\/05\/Para-no-verte-triunfar-tu-miedo.png\"><img loading=\"lazy\" class=\"alignnone size-medium wp-image-186\" src=\"http:\/\/www.madeleinecr.com\/wp-content\/uploads\/2014\/05\/Para-no-verte-triunfar-tu-miedo-300x223.png\" alt=\"Para no verte triunfar tu miedo\" width=\"300\" height=\"223\" srcset=\"https:\/\/www.madeleinecr.com\/wp-content\/uploads\/2014\/05\/Para-no-verte-triunfar-tu-miedo-300x223.png 300w, https:\/\/www.madeleinecr.com\/wp-content\/uploads\/2014\/05\/Para-no-verte-triunfar-tu-miedo-500x373.png 500w, https:\/\/www.madeleinecr.com\/wp-content\/uploads\/2014\/05\/Para-no-verte-triunfar-tu-miedo.png 760w\" sizes=\"(max-width: 300px) 100vw, 300px\" \/><\/a><\/p>\n<p>&nbsp;<\/p>\n<p><img loading=\"lazy\" class=\"alignnone size-medium wp-image-165\" src=\"http:\/\/www.madeleinecr.com\/wp-content\/uploads\/2014\/05\/Y-es-que-eso-es-la-vida-300x223.png\" alt=\"Y es que eso es la vida\" width=\"300\" height=\"223\" srcset=\"https:\/\/www.madeleinecr.com\/wp-content\/uploads\/2014\/05\/Y-es-que-eso-es-la-vida-300x223.png 300w, https:\/\/www.madeleinecr.com\/wp-content\/uploads\/2014\/05\/Y-es-que-eso-es-la-vida-500x372.png 500w, https:\/\/www.madeleinecr.com\/wp-content\/uploads\/2014\/05\/Y-es-que-eso-es-la-vida.png 748w\" sizes=\"(max-width: 300px) 100vw, 300px\" \/><\/p>\n<p>&nbsp;<\/p>\n<p><a href=\"http:\/\/www.madeleinecr.com\/wp-content\/uploads\/2014\/05\/Si-le-temes-al-fracaso-nunca-podr\u00e1s-iniciar.png\"><img loading=\"lazy\" class=\"alignnone size-medium wp-image-169\" src=\"http:\/\/www.madeleinecr.com\/wp-content\/uploads\/2014\/05\/Si-le-temes-al-fracaso-nunca-podr\u00e1s-iniciar-300x224.png\" alt=\"Si le temes al fracaso nunca podr\u00e1s iniciar\" width=\"300\" height=\"224\" srcset=\"https:\/\/www.madeleinecr.com\/wp-content\/uploads\/2014\/05\/Si-le-temes-al-fracaso-nunca-podr\u00e1s-iniciar-300x224.png 300w, https:\/\/www.madeleinecr.com\/wp-content\/uploads\/2014\/05\/Si-le-temes-al-fracaso-nunca-podr\u00e1s-iniciar-500x373.png 500w, https:\/\/www.madeleinecr.com\/wp-content\/uploads\/2014\/05\/Si-le-temes-al-fracaso-nunca-podr\u00e1s-iniciar.png 741w\" sizes=\"(max-width: 300px) 100vw, 300px\" \/><\/a><\/p>\n<p>&nbsp;<\/p>\n<p><a href=\"http:\/\/www.madeleinecr.com\/wp-content\/uploads\/2014\/05\/Obligate-a-crecer-m\u00e1s-alto-y-m\u00e1s-fuerte-que-el-mayor-de-tus-contratiempos.png\"><img loading=\"lazy\" class=\"size-medium wp-image-160 alignleft\" src=\"http:\/\/www.madeleinecr.com\/wp-content\/uploads\/2014\/05\/Obligate-a-crecer-m\u00e1s-alto-y-m\u00e1s-fuerte-que-el-mayor-de-tus-contratiempos-300x223.png\" alt=\"Obligate a crecer m\u00e1s alto y m\u00e1s fuerte que el mayor de tus contratiempos\" width=\"300\" height=\"223\" srcset=\"https:\/\/www.madeleinecr.com\/wp-content\/uploads\/2014\/05\/Obligate-a-crecer-m\u00e1s-alto-y-m\u00e1s-fuerte-que-el-mayor-de-tus-contratiempos-300x223.png 300w, https:\/\/www.madeleinecr.com\/wp-content\/uploads\/2014\/05\/Obligate-a-crecer-m\u00e1s-alto-y-m\u00e1s-fuerte-que-el-mayor-de-tus-contratiempos-500x372.png 500w, https:\/\/www.madeleinecr.com\/wp-content\/uploads\/2014\/05\/Obligate-a-crecer-m\u00e1s-alto-y-m\u00e1s-fuerte-que-el-mayor-de-tus-contratiempos.png 748w\" sizes=\"(max-width: 300px) 100vw, 300px\" \/><\/a><\/p>\n<p>&nbsp;<\/p>\n<p><a href=\"http:\/\/www.madeleinecr.com\/wp-content\/uploads\/2014\/05\/Perseverar-hasta-superar-los-obst\u00e1culos.png\"><img loading=\"lazy\" class=\"size-medium wp-image-162 alignleft\" src=\"http:\/\/www.madeleinecr.com\/wp-content\/uploads\/2014\/05\/Perseverar-hasta-superar-los-obst\u00e1culos-300x222.png\" alt=\"Perseverar hasta superar los obst\u00e1culos\" width=\"300\" height=\"222\" srcset=\"https:\/\/www.madeleinecr.com\/wp-content\/uploads\/2014\/05\/Perseverar-hasta-superar-los-obst\u00e1culos-300x222.png 300w, https:\/\/www.madeleinecr.com\/wp-content\/uploads\/2014\/05\/Perseverar-hasta-superar-los-obst\u00e1culos-500x370.png 500w, https:\/\/www.madeleinecr.com\/wp-content\/uploads\/2014\/05\/Perseverar-hasta-superar-los-obst\u00e1culos.png 785w\" sizes=\"(max-width: 300px) 100vw, 300px\" \/><\/a><\/p>\n<p>&nbsp;<\/p>\n<p><img loading=\"lazy\" class=\"size-medium wp-image-155 alignleft\" src=\"http:\/\/www.madeleinecr.com\/wp-content\/uploads\/2014\/05\/Hoy-es-un-buen-d\u00eda-para-volverse-a-enamorar-300x224.png\" alt=\"Hoy es un buen d\u00eda para volverse a enamorar\" width=\"300\" height=\"224\" srcset=\"https:\/\/www.madeleinecr.com\/wp-content\/uploads\/2014\/05\/Hoy-es-un-buen-d\u00eda-para-volverse-a-enamorar-300x224.png 300w, https:\/\/www.madeleinecr.com\/wp-content\/uploads\/2014\/05\/Hoy-es-un-buen-d\u00eda-para-volverse-a-enamorar-500x373.png 500w, https:\/\/www.madeleinecr.com\/wp-content\/uploads\/2014\/05\/Hoy-es-un-buen-d\u00eda-para-volverse-a-enamorar.png 698w\" sizes=\"(max-width: 300px) 100vw, 300px\" \/><\/p>\n<p>&nbsp;<\/p>\n<p><a href=\"http:\/\/www.madeleinecr.com\/wp-content\/uploads\/2014\/05\/El-valiente.png\"><img loading=\"lazy\" class=\"size-medium wp-image-150 alignnone\" src=\"http:\/\/www.madeleinecr.com\/wp-content\/uploads\/2014\/05\/El-valiente-300x229.png\" alt=\"El valiente\" width=\"300\" height=\"229\" srcset=\"https:\/\/www.madeleinecr.com\/wp-content\/uploads\/2014\/05\/El-valiente-300x229.png 300w, https:\/\/www.madeleinecr.com\/wp-content\/uploads\/2014\/05\/El-valiente-500x383.png 500w, https:\/\/www.madeleinecr.com\/wp-content\/uploads\/2014\/05\/El-valiente.png 711w\" sizes=\"(max-width: 300px) 100vw, 300px\" \/><\/a><\/p>\n<p>&nbsp;<\/p>\n<p><a href=\"http:\/\/www.madeleinecr.com\/wp-content\/uploads\/2014\/05\/Nueva-y-mejor-versi\u00f3n-de-vos-mismo.png\"><img loading=\"lazy\" class=\"size-medium wp-image-138 alignnone\" src=\"http:\/\/www.madeleinecr.com\/wp-content\/uploads\/2014\/05\/Nueva-y-mejor-versi\u00f3n-de-vos-mismo-300x227.png\" alt=\"Nueva y mejor versi\u00f3n de vos mismo\" width=\"300\" height=\"227\" srcset=\"https:\/\/www.madeleinecr.com\/wp-content\/uploads\/2014\/05\/Nueva-y-mejor-versi\u00f3n-de-vos-mismo-300x227.png 300w, https:\/\/www.madeleinecr.com\/wp-content\/uploads\/2014\/05\/Nueva-y-mejor-versi\u00f3n-de-vos-mismo-500x379.png 500w, https:\/\/www.madeleinecr.com\/wp-content\/uploads\/2014\/05\/Nueva-y-mejor-versi\u00f3n-de-vos-mismo.png 742w\" sizes=\"(max-width: 300px) 100vw, 300px\" \/><\/a><\/p>\n<p>&nbsp;<\/p>\n<p><img loading=\"lazy\" class=\"size-medium wp-image-135 alignnone\" src=\"http:\/\/www.madeleinecr.com\/wp-content\/uploads\/2014\/05\/No-pens\u00e9s-en-las-grietas-del-camino-300x224.png\" alt=\"No pens\u00e9s en las grietas del camino\" width=\"300\" height=\"224\" srcset=\"https:\/\/www.madeleinecr.com\/wp-content\/uploads\/2014\/05\/No-pens\u00e9s-en-las-grietas-del-camino-300x224.png 300w, https:\/\/www.madeleinecr.com\/wp-content\/uploads\/2014\/05\/No-pens\u00e9s-en-las-grietas-del-camino-500x373.png 500w, https:\/\/www.madeleinecr.com\/wp-content\/uploads\/2014\/05\/No-pens\u00e9s-en-las-grietas-del-camino.png 709w\" sizes=\"(max-width: 300px) 100vw, 300px\" \/><\/p>\n<p>&nbsp;<\/p>\n<p><a href=\"http:\/\/www.madeleinecr.com\/wp-content\/uploads\/2014\/05\/Soy-un-im\u00e1n1.png\"><img loading=\"lazy\" class=\"size-medium wp-image-122 alignnone\" src=\"http:\/\/www.madeleinecr.com\/wp-content\/uploads\/2014\/05\/Soy-un-im\u00e1n1-300x225.png\" alt=\"Soy un im\u00e1n\" width=\"300\" height=\"225\" srcset=\"https:\/\/www.madeleinecr.com\/wp-content\/uploads\/2014\/05\/Soy-un-im\u00e1n1-300x225.png 300w, https:\/\/www.madeleinecr.com\/wp-content\/uploads\/2014\/05\/Soy-un-im\u00e1n1-500x375.png 500w, https:\/\/www.madeleinecr.com\/wp-content\/uploads\/2014\/05\/Soy-un-im\u00e1n1.png 798w\" sizes=\"(max-width: 300px) 100vw, 300px\" \/><\/a><\/p>\n<p>&nbsp;<\/p>\n<p><a href=\"http:\/\/www.madeleinecr.com\/wp-content\/uploads\/2014\/05\/Hoy-es-un-gran-d\u00eda-para-sentirte-orgullosa.png\"><img loading=\"lazy\" class=\"size-medium wp-image-123 alignnone\" src=\"http:\/\/www.madeleinecr.com\/wp-content\/uploads\/2014\/05\/Hoy-es-un-gran-d\u00eda-para-sentirte-orgullosa-300x158.png\" alt=\"Hoy es un gran d\u00eda para sentirte orgullosa\" width=\"300\" height=\"158\" srcset=\"https:\/\/www.madeleinecr.com\/wp-content\/uploads\/2014\/05\/Hoy-es-un-gran-d\u00eda-para-sentirte-orgullosa-300x158.png 300w, https:\/\/www.madeleinecr.com\/wp-content\/uploads\/2014\/05\/Hoy-es-un-gran-d\u00eda-para-sentirte-orgullosa-500x264.png 500w, https:\/\/www.madeleinecr.com\/wp-content\/uploads\/2014\/05\/Hoy-es-un-gran-d\u00eda-para-sentirte-orgullosa.png 766w\" sizes=\"(max-width: 300px) 100vw, 300px\" \/><\/a><\/p>\n","protected":false},"excerpt":{"rendered":"<p>&nbsp; &nbsp; &nbsp; &nbsp; &nbsp; &nbsp; &nbsp; &nbsp; &nbsp; &nbsp; &nbsp; &nbsp; &nbsp; &nbsp; &nbsp; &nbsp; &nbsp; &nbsp; &nbsp; &nbsp; &nbsp; &nbsp; &nbsp; &nbsp; &nbsp; &nbsp; &nbsp; &nbsp; &nbsp; &nbsp; &nbsp; &nbsp; &nbsp; &nbsp; &nbsp; &nbsp; &nbsp; &nbsp; &nbsp; &nbsp; &nbsp; &nbsp; &nbsp; &nbsp; &nbsp; &nbsp; &nbsp; &nbsp; &nbsp; &nbsp; &nbsp; &nbsp; &nbsp; &nbsp; &nbsp; [&hellip;]<\/p>\n","protected":false},"author":2,"featured_media":0,"parent":0,"menu_order":0,"comment_status":"open","ping_status":"open","template":"","meta":[],"_links":{"self":[{"href":"https:\/\/www.madeleinecr.com\/index.php?rest_route=\/wp\/v2\/pages\/116"}],"collection":[{"href":"https:\/\/www.madeleinecr.com\/index.php?rest_route=\/wp\/v2\/pages"}],"about":[{"href":"https:\/\/www.madeleinecr.com\/index.php?rest_route=\/wp\/v2\/types\/page"}],"author":[{"embeddable":true,"href":"https:\/\/www.madeleinecr.com\/index.php?rest_route=\/wp\/v2\/users\/2"}],"replies":[{"embeddable":true,"href":"https:\/\/www.madeleinecr.com\/index.php?rest_route=%2Fwp%2Fv2%2Fcomments&post=116"}],"version-history":[{"count":214,"href":"https:\/\/www.madeleinecr.com\/index.php?rest_route=\/wp\/v2\/pages\/116\/revisions"}],"predecessor-version":[{"id":609,"href":"https:\/\/www.madeleinecr.com\/index.php?rest_route=\/wp\/v2\/pages\/116\/revisions\/609"}],"wp:attachment":[{"href":"https:\/\/www.madeleinecr.com\/index.php?rest_route=%2Fwp%2Fv2%2Fmedia&parent=116"}],"curies":[{"name":"wp","href":"https:\/\/api.w.org\/{rel}","templated":true}]}}